{"id":45748,"date":"2026-03-03T11:22:06","date_gmt":"2026-03-03T11:22:06","guid":{"rendered":"https:\/\/fpvoleibol.pt\/fpv\/?page_id=45748"},"modified":"2026-03-15T22:45:04","modified_gmt":"2026-03-15T22:45:04","slug":"taca-de-portugal-2026","status":"publish","type":"page","link":"https:\/\/fpvoleibol.pt\/fpv\/competicoes\/taca-de-portugal-2026\/","title":{"rendered":"TA\u00c7A DE PORTUGAL 2026"},"content":{"rendered":"<p style=\"text-align: center;\"><a href=\"https:\/\/fpvoleibol.pt\/fpv\/wp-content\/uploads\/2026\/03\/banner_taca_26.jpg\"><img loading=\"lazy\" decoding=\"async\" class=\"alignnone wp-image-45749 size-full\" src=\"https:\/\/fpvoleibol.pt\/fpv\/wp-content\/uploads\/2026\/03\/banner_taca_26.jpg\" alt=\"\" width=\"1024\" height=\"210\" srcset=\"https:\/\/fpvoleibol.pt\/fpv\/wp-content\/uploads\/2026\/03\/banner_taca_26.jpg 1024w, https:\/\/fpvoleibol.pt\/fpv\/wp-content\/uploads\/2026\/03\/banner_taca_26-300x62.jpg 300w, https:\/\/fpvoleibol.pt\/fpv\/wp-content\/uploads\/2026\/03\/banner_taca_26-768x158.jpg 768w\" sizes=\"auto, (max-width: 1024px) 100vw, 1024px\" \/><\/a><\/p>\n<table style=\"width: 100%; border-collapse: collapse; border-style: none; border-color: #ffffff; height: 310px;\">\n<tbody>\n<tr style=\"height: 23px;\">\n<td style=\"width: 50%; background-color: #2c480f; height: 23px; border-style: solid; border-color: #ffffff; text-align: center;\"><span style=\"color: #ffffff;\"><strong>FEMININOS<\/strong><\/span><\/td>\n<td style=\"width: 50%; background-color: #bf2015; height: 23px; border-style: solid; border-color: #ffffff; text-align: center;\"><span style=\"color: #ffffff;\"><strong>MASCULINOS<\/strong><\/span><\/td>\n<\/tr>\n<tr>\n<td style=\"width: 50%; height: 71px; border-style: solid; border-color: #ffffff; text-align: center;\"><span style=\"background-color: #2c480f; color: #ffffff;\"><strong>\u00a0 SEXTA-FEIRA &#8211; 13.MAR\u00c7O (Meias-Finais) \u00a0<\/strong><\/span><br \/>\n<strong>18H00<\/strong> | FC Porto \u2500 PV2014\/Col\u00e9gio Efanor<br \/>\n<span style=\"color: #008000;\"><em>(3-0: 25\/14, 25\/19, 25\/7)<\/em><\/span><br \/>\n<strong>21H00<\/strong> | SC Braga \u2500 Castelo da Maia GC<br \/>\n<em><span style=\"color: #008000;\">(3-0: 25\/12, 25\/20, 25\/22)<\/span><br \/>\n<\/em><strong>(Pavilh\u00e3o Desportivo de Albufeira)<\/strong><br \/>\n\u2193<br \/>\n<span style=\"background-color: #2c480f; color: #ffffff;\"><strong>\u00a0 S\u00c1BADO &#8211; 14.MAR\u00c7O (Final) \u00a0<\/strong><\/span><br \/>\n<strong>21H00<\/strong> | FC Porto \u2500 SC Braga<br \/>\n<span style=\"color: #008000;\"><em>(3-1: 25\/21, 22\/25, 25\/23, 25\/20)<\/em><\/span><br \/>\n<strong>(Pavilh\u00e3o Desportivo de Albufeira)<\/strong><br \/>\n\u2193<br \/>\n<a href=\"https:\/\/fpv-web.dataproject.com\/CompetitionMatches.aspx?ID=136&amp;PID=182\" target=\"_blank\" rel=\"noopener noreferrer\"><img loading=\"lazy\" decoding=\"async\" class=\"aligncenter wp-image-3585 size-medium\" src=\"https:\/\/fpvoleibol.pt\/fpv\/wp-content\/uploads\/2021\/02\/livestream_livescores-300x71.png\" alt=\"\" width=\"300\" height=\"71\" srcset=\"https:\/\/fpvoleibol.pt\/fpv\/wp-content\/uploads\/2021\/02\/livestream_livescores-300x71.png 300w, https:\/\/fpvoleibol.pt\/fpv\/wp-content\/uploads\/2021\/02\/livestream_livescores.png 400w\" sizes=\"auto, (max-width: 300px) 100vw, 300px\" \/><\/a><\/td>\n<td style=\"width: 50%; height: 71px; border-style: solid; border-color: #ffffff; text-align: center;\"><span style=\"background-color: #bf2015; color: #ffffff;\"><strong>\u00a0 S\u00c1BADO &#8211; 14.MAR\u00c7O (Meias-Finais) \u00a0<\/strong><\/span><br \/>\n<strong>15H00<\/strong> | Vit\u00f3ria SC \u2500 SL Benfica<br \/>\n<span style=\"color: #b50000;\"><em>(1-3: 27\/25, 20\/25, 12\/25, 22\/25)<\/em><\/span><strong><br \/>\n18H00<\/strong> | Sporting CP \u2500 AA Espinho<br \/>\n<span style=\"color: #b50000;\"><em>(3-1: 20\/25, 25\/16, 25\/23, 25\/22)<\/em><\/span><strong><em><br \/>\n<\/em>(Pavilh\u00e3o Desportivo de Albufeira)<\/strong><br \/>\n\u2193<br \/>\n<span style=\"background-color: #bf2015; color: #ffffff;\"><strong>\u00a0 DOMINGO &#8211; 15.MAR\u00c7O (Final)\u00a0\u00a0<\/strong><\/span><br \/>\n<strong>16H15<\/strong> | SL Benfica \u2500 Sporting CP<br \/>\n<span style=\"color: #b50000;\"><em>(2-3: 22\/25, 28\/26, 23\/25, 25\/21, 21\/23)<\/em><\/span><br \/>\n<strong>(Pavilh\u00e3o Desportivo de Albufeira)<\/strong><br \/>\n\u2193<br \/>\n<a href=\"https:\/\/fpv-web.dataproject.com\/CompetitionMatches.aspx?ID=133&amp;PID=179\" target=\"_blank\" rel=\"noopener noreferrer\"><img loading=\"lazy\" decoding=\"async\" class=\"aligncenter wp-image-3585 size-medium\" src=\"https:\/\/fpvoleibol.pt\/fpv\/wp-content\/uploads\/2021\/02\/livestream_livescores-300x71.png\" alt=\"\" width=\"300\" height=\"71\" srcset=\"https:\/\/fpvoleibol.pt\/fpv\/wp-content\/uploads\/2021\/02\/livestream_livescores-300x71.png 300w, https:\/\/fpvoleibol.pt\/fpv\/wp-content\/uploads\/2021\/02\/livestream_livescores.png 400w\" sizes=\"auto, (max-width: 300px) 100vw, 300px\" \/><\/a><\/td>\n<\/tr>\n<tr style=\"height: 24px;\">\n<td style=\"width: 50%; border-style: solid; border-color: #ffffff; text-align: center; height: 24px;\"><strong><a href=\"https:\/\/www.portugalvoleibol.com\/classificacao\/tpf\" target=\"_blank\" rel=\"noopener noreferrer\">TODOS OS RESULTADOS E CLASSIFICA\u00c7\u00d5ES (FEM) \u25ba<\/a><\/strong><\/td>\n<td style=\"width: 50%; border-style: solid; border-color: #ffffff; text-align: center; vertical-align: top; height: 24px;\"><strong><a href=\"https:\/\/www.portugalvoleibol.com\/classificacao\/tpm\" target=\"_blank\" rel=\"noopener noreferrer\">TODOS OS RESULTADOS E CLASSIFICA\u00c7\u00d5ES (MASC) \u25ba<\/a><\/strong><\/td>\n<\/tr>\n<tr style=\"height: 192px;\">\n<td style=\"width: 50%; border-style: solid; border-color: #ffffff; height: 192px; background-color: #f0f0f0; text-align: center;\" colspan=\"2\"><strong>BILHETEIRA<\/strong><\/p>\n<p>Os bilhetes t\u00eam o pre\u00e7o \u00fanico de 5 euros.<br \/>\n<span style=\"color: #ff0000;\">Os ingressos est\u00e3o \u00e0 venda online nos seguintes links:<\/span><br \/>\n<a href=\"https:\/\/smartfan.tickets\/comptacadeportugalvolei\" target=\"_blank\" rel=\"noopener\"><strong>MASCULINA \u25ba<\/strong><\/a>\u00a0 |\u00a0 <strong><a href=\"https:\/\/smartfan.tickets\/tacaportugalfem-voleibol\" target=\"_blank\" rel=\"noopener\">FEMININA \u25ba<\/a><\/strong><\/p>\n<p>E no Pavilh\u00e3o Desportivo de Albufeira durante a competi\u00e7\u00e3o<br \/>\n<span style=\"color: #ff0000;\">(Pagamento exclusivo em dinheiro)<br \/>\n<\/span><a href=\"https:\/\/fpvoleibol.pt\/fpv\/wp-content\/uploads\/2026\/03\/albufeira26_web.png\"><img loading=\"lazy\" decoding=\"async\" class=\"wp-image-45757 aligncenter\" src=\"https:\/\/fpvoleibol.pt\/fpv\/wp-content\/uploads\/2026\/03\/albufeira26_web.png\" alt=\"\" width=\"386\" height=\"122\" srcset=\"https:\/\/fpvoleibol.pt\/fpv\/wp-content\/uploads\/2026\/03\/albufeira26_web.png 512w, https:\/\/fpvoleibol.pt\/fpv\/wp-content\/uploads\/2026\/03\/albufeira26_web-300x95.png 300w, https:\/\/fpvoleibol.pt\/fpv\/wp-content\/uploads\/2026\/03\/albufeira26_web-510x162.png 510w\" sizes=\"auto, (max-width: 386px) 100vw, 386px\" \/><\/a><\/td>\n<\/tr>\n<\/tbody>\n<\/table>\n<table style=\"width: 100%; border-collapse: collapse; border-style: none; border-color: #ffffff; height: 166px;\">\n<tbody>\n<tr style=\"height: 119px;\">\n<td style=\"border-style: solid; border-color: #ffffff; text-align: center; width: 100%; height: 119px;\" colspan=\"2\">SEGUE A TA\u00c7A DE PORTUGAL NAS REDES SOCIAIS DESTA FEDERA\u00c7\u00c3O:<\/p>\n<p><a href=\"https:\/\/www.facebook.com\/fpvoleibol\" target=\"_blank\" rel=\"noopener noreferrer\">FACEBOOK \u25ba<\/a> E <a href=\"https:\/\/www.instagram.com\/portugalvoleibol\/\" target=\"_blank\" rel=\"noopener noreferrer\">INSTAGRAM \u25ba<\/a> | <strong>TRANSMISS\u00c3O NA SPORT TV <a href=\"https:\/\/www.sporttv.pt\/pesquisa\/voleibol\/\" target=\"_blank\" rel=\"noopener\">\u25ba<\/a><\/strong><\/td>\n<td><\/td>\n<\/tr>\n<tr>\n<td style=\"width: 50%; border-style: solid; border-color: #ffffff; text-align: center;\"><a href=\"https:\/\/youtube.com\/live\/TJRSHfEaquI\"><img loading=\"lazy\" decoding=\"async\" class=\"alignnone size-full wp-image-45864\" src=\"https:\/\/fpvoleibol.pt\/fpv\/wp-content\/uploads\/2026\/03\/conf_fem.jpg\" alt=\"\" width=\"1280\" height=\"720\" srcset=\"https:\/\/fpvoleibol.pt\/fpv\/wp-content\/uploads\/2026\/03\/conf_fem.jpg 1280w, https:\/\/fpvoleibol.pt\/fpv\/wp-content\/uploads\/2026\/03\/conf_fem-300x169.jpg 300w, https:\/\/fpvoleibol.pt\/fpv\/wp-content\/uploads\/2026\/03\/conf_fem-1024x576.jpg 1024w, https:\/\/fpvoleibol.pt\/fpv\/wp-content\/uploads\/2026\/03\/conf_fem-768x432.jpg 768w, https:\/\/fpvoleibol.pt\/fpv\/wp-content\/uploads\/2026\/03\/conf_fem-1110x624.jpg 1110w, https:\/\/fpvoleibol.pt\/fpv\/wp-content\/uploads\/2026\/03\/conf_fem-528x297.jpg 528w\" sizes=\"auto, (max-width: 1280px) 100vw, 1280px\" \/><\/a><br \/>\nQuinta feira, 12.03.2026 | 18H00<\/td>\n<td style=\"width: 50%; border-style: solid; border-color: #ffffff; text-align: center;\"><a href=\"https:\/\/youtube.com\/live\/QGi8MDMI3C8\"><img loading=\"lazy\" decoding=\"async\" class=\"alignnone size-full wp-image-45863\" src=\"https:\/\/fpvoleibol.pt\/fpv\/wp-content\/uploads\/2026\/03\/conf_masc.jpg\" alt=\"\" width=\"1280\" height=\"720\" srcset=\"https:\/\/fpvoleibol.pt\/fpv\/wp-content\/uploads\/2026\/03\/conf_masc.jpg 1280w, https:\/\/fpvoleibol.pt\/fpv\/wp-content\/uploads\/2026\/03\/conf_masc-300x169.jpg 300w, https:\/\/fpvoleibol.pt\/fpv\/wp-content\/uploads\/2026\/03\/conf_masc-1024x576.jpg 1024w, https:\/\/fpvoleibol.pt\/fpv\/wp-content\/uploads\/2026\/03\/conf_masc-768x432.jpg 768w, https:\/\/fpvoleibol.pt\/fpv\/wp-content\/uploads\/2026\/03\/conf_masc-1110x624.jpg 1110w, https:\/\/fpvoleibol.pt\/fpv\/wp-content\/uploads\/2026\/03\/conf_masc-528x297.jpg 528w\" sizes=\"auto, (max-width: 1280px) 100vw, 1280px\" \/><\/a><br \/>\nSexta feira, 13.03.2026 | 16H15<\/td>\n<td style=\"width: 50%; border-style: solid; border-color: #ffffff; text-align: center;\"><span style=\"color: #ffffff;\">\u00a0<\/span><\/td>\n<\/tr>\n<tr style=\"height: 24px;\">\n<td style=\"width: 50%; height: 23px; border-style: solid; border-color: #ffffff; text-align: center;\"><a href=\"https:\/\/fpvoleibol.pt\/fpv\/wp-content\/uploads\/2026\/03\/cartaz_taca_portugal_fem_2026_final.jpg\"><img loading=\"lazy\" decoding=\"async\" class=\"alignnone wp-image-45819 size-full\" src=\"https:\/\/fpvoleibol.pt\/fpv\/wp-content\/uploads\/2026\/03\/cartaz_taca_portugal_fem_2026_final.jpg\" alt=\"\" width=\"1358\" height=\"1920\" srcset=\"https:\/\/fpvoleibol.pt\/fpv\/wp-content\/uploads\/2026\/03\/cartaz_taca_portugal_fem_2026_final.jpg 1358w, https:\/\/fpvoleibol.pt\/fpv\/wp-content\/uploads\/2026\/03\/cartaz_taca_portugal_fem_2026_final-212x300.jpg 212w, https:\/\/fpvoleibol.pt\/fpv\/wp-content\/uploads\/2026\/03\/cartaz_taca_portugal_fem_2026_final-724x1024.jpg 724w, https:\/\/fpvoleibol.pt\/fpv\/wp-content\/uploads\/2026\/03\/cartaz_taca_portugal_fem_2026_final-768x1086.jpg 768w, https:\/\/fpvoleibol.pt\/fpv\/wp-content\/uploads\/2026\/03\/cartaz_taca_portugal_fem_2026_final-1086x1536.jpg 1086w\" sizes=\"auto, (max-width: 1358px) 100vw, 1358px\" \/><\/a><\/td>\n<td style=\"width: 50%; height: 23px; border-style: solid; border-color: #ffffff; text-align: center;\"><a href=\"https:\/\/fpvoleibol.pt\/fpv\/wp-content\/uploads\/2026\/03\/cartaz_taca_portugal_masc_2026_final.jpg\"><img loading=\"lazy\" decoding=\"async\" class=\"alignnone wp-image-45820 size-full\" src=\"https:\/\/fpvoleibol.pt\/fpv\/wp-content\/uploads\/2026\/03\/cartaz_taca_portugal_masc_2026_final.jpg\" alt=\"\" width=\"1358\" height=\"1920\" srcset=\"https:\/\/fpvoleibol.pt\/fpv\/wp-content\/uploads\/2026\/03\/cartaz_taca_portugal_masc_2026_final.jpg 1358w, https:\/\/fpvoleibol.pt\/fpv\/wp-content\/uploads\/2026\/03\/cartaz_taca_portugal_masc_2026_final-212x300.jpg 212w, https:\/\/fpvoleibol.pt\/fpv\/wp-content\/uploads\/2026\/03\/cartaz_taca_portugal_masc_2026_final-724x1024.jpg 724w, https:\/\/fpvoleibol.pt\/fpv\/wp-content\/uploads\/2026\/03\/cartaz_taca_portugal_masc_2026_final-768x1086.jpg 768w, https:\/\/fpvoleibol.pt\/fpv\/wp-content\/uploads\/2026\/03\/cartaz_taca_portugal_masc_2026_final-1086x1536.jpg 1086w\" sizes=\"auto, (max-width: 1358px) 100vw, 1358px\" \/><\/a><\/td>\n<td style=\"width: 50%; height: 23px; border-style: solid; border-color: #ffffff; text-align: center;\"><span style=\"color: #ffffff;\"><a href=\"https:\/\/fpvoleibol.pt\/fpv\/wp-content\/uploads\/2025\/02\/cartaz_taca_portugal_2025_MASC_gold.jpg\"><img loading=\"lazy\" decoding=\"async\" class=\"aligncenter wp-image-38527 size-large\" src=\"https:\/\/fpvoleibol.pt\/fpv\/wp-content\/uploads\/2025\/02\/cartaz_taca_portugal_2025_MASC_gold-724x1024.jpg\" alt=\"\" width=\"724\" height=\"1024\" srcset=\"https:\/\/fpvoleibol.pt\/fpv\/wp-content\/uploads\/2025\/02\/cartaz_taca_portugal_2025_MASC_gold-724x1024.jpg 724w, https:\/\/fpvoleibol.pt\/fpv\/wp-content\/uploads\/2025\/02\/cartaz_taca_portugal_2025_MASC_gold-212x300.jpg 212w, https:\/\/fpvoleibol.pt\/fpv\/wp-content\/uploads\/2025\/02\/cartaz_taca_portugal_2025_MASC_gold-768x1086.jpg 768w, https:\/\/fpvoleibol.pt\/fpv\/wp-content\/uploads\/2025\/02\/cartaz_taca_portugal_2025_MASC_gold-1086x1536.jpg 1086w, https:\/\/fpvoleibol.pt\/fpv\/wp-content\/uploads\/2025\/02\/cartaz_taca_portugal_2025_MASC_gold.jpg 1358w\" sizes=\"auto, (max-width: 724px) 100vw, 724px\" \/><\/a><\/span><\/td>\n<\/tr>\n<\/tbody>\n<\/table>\n<p><strong>ALBUNS DE FOTOGRAFIAS:<\/strong><\/p>\n<div class=\"x1n2onr6 x1ja2u2z x9f619 xdt5ytf x2lah0s x193iq5w x1lliihq x1yztbdb\">\n<div class=\"x9f619 x1n2onr6 x1ja2u2z x78zum5 xdt5ytf x1iyjqo2 x2lwn1j\">\n<div class=\"x9f619 x1n2onr6 x1ja2u2z x78zum5 xdt5ytf x2lah0s x193iq5w x1xmf6yo x1e56ztr xzboxd6 x14l7nz5\">\n<div class=\"x78zum5 xdt5ytf xz62fqu x16ldp7u\">\n<div>Todas as Fotos <a href=\"https:\/\/www.facebook.com\/fpvoleibol\/photos_by\">\u25ba<\/a><\/div>\n<div class=\"xu06os2 x1ok221b\"><span class=\"x193iq5w xeuugli x13faqbe x1vvkbs x1xmvt09 x1lliihq x1s928wv xhkezso x1gmr53x x1cpjm7i x1fgarty x1943h6x xudqn12 x3x7a5m x6prxxf xvq8zen x1s688f xzsf02u x1yc453h\" dir=\"auto\"><span class=\"x193iq5w xeuugli x13faqbe x1vvkbs x1xmvt09 x1lliihq x1s928wv xhkezso x1gmr53x x1cpjm7i x1fgarty x1943h6x xudqn12 x3x7a5m x6prxxf xvq8zen x1s688f xzsf02u x1yc453h\" dir=\"auto\">FC Porto vs PV\/Col\u00e9gio Efanor &#8211; Ta\u00e7a de Portugal <a href=\"https:\/\/www.facebook.com\/media\/set\/?set=a.1381617184010329&amp;type=3\">\u25ba<\/a><br \/>\n<\/span><\/span><\/p>\n<div class=\"x1n2onr6 x1ja2u2z x9f619 xdt5ytf x2lah0s x193iq5w x1lliihq x1yztbdb\">\n<div class=\"x9f619 x1n2onr6 x1ja2u2z x78zum5 xdt5ytf x1iyjqo2 x2lwn1j\">\n<div class=\"x9f619 x1n2onr6 x1ja2u2z x78zum5 xdt5ytf x2lah0s x193iq5w x1xmf6yo x1e56ztr xzboxd6 x14l7nz5\">\n<div class=\"x78zum5 xdt5ytf xz62fqu x16ldp7u\">\n<div class=\"xu06os2 x1ok221b\"><span class=\"x193iq5w xeuugli x13faqbe x1vvkbs x1xmvt09 x1lliihq x1s928wv xhkezso x1gmr53x x1cpjm7i x1fgarty x1943h6x xudqn12 x3x7a5m x6prxxf xvq8zen x1s688f xzsf02u x1yc453h\" dir=\"auto\">SC Braga vs Cast\u00ealo da Maia GC &#8211; Ta\u00e7a de Portugal <a href=\"https:\/\/www.facebook.com\/media\/set\/?set=a.1381632170675497&amp;type=3\">\u25ba<\/a><\/span><\/div>\n<\/div>\n<\/div>\n<\/div>\n<\/div>\n<\/div>\n<\/div>\n<\/div>\n<\/div>\n<\/div>\n<p><strong>PLAYLIST DE V\u00cdDEOS \u25ba<\/strong><\/p>\n<p>Confer\u00eancia de Imprensa Feminina <a href=\"https:\/\/youtube.com\/live\/TJRSHfEaquI\">\u25ba<\/a><br \/>\nConfer\u00eancia de Imprensa Masculina <a href=\"https:\/\/youtube.com\/live\/QGi8MDMI3C8\">\u25ba<\/a><\/p>\n","protected":false},"excerpt":{"rendered":"<p>FEMININOS MASCULINOS \u00a0 SEXTA-FEIRA &#8211; 13.MAR\u00c7O (Meias-Finais) \u00a0 18H00 | FC Porto \u2500 PV2014\/Col\u00e9gio Efanor (3-0: 25\/14, 25\/19, 25\/7) 21H00 | SC Braga \u2500 Castelo da Maia GC (3-0: 25\/12, [&hellip;]<\/p>\n","protected":false},"author":1,"featured_media":45765,"parent":1032,"menu_order":0,"comment_status":"closed","ping_status":"closed","template":"","meta":{"_monsterinsights_skip_tracking":false,"_monsterinsights_sitenote_active":false,"_monsterinsights_sitenote_note":"","_monsterinsights_sitenote_category":0,"footnotes":""},"class_list":["post-45748","page","type-page","status-publish","has-post-thumbnail","czr-hentry"],"aioseo_notices":[],"_links":{"self":[{"href":"https:\/\/fpvoleibol.pt\/fpv\/wp-json\/wp\/v2\/pages\/45748","targetHints":{"allow":["GET"]}}],"collection":[{"href":"https:\/\/fpvoleibol.pt\/fpv\/wp-json\/wp\/v2\/pages"}],"about":[{"href":"https:\/\/fpvoleibol.pt\/fpv\/wp-json\/wp\/v2\/types\/page"}],"author":[{"embeddable":true,"href":"https:\/\/fpvoleibol.pt\/fpv\/wp-json\/wp\/v2\/users\/1"}],"replies":[{"embeddable":true,"href":"https:\/\/fpvoleibol.pt\/fpv\/wp-json\/wp\/v2\/comments?post=45748"}],"version-history":[{"count":23,"href":"https:\/\/fpvoleibol.pt\/fpv\/wp-json\/wp\/v2\/pages\/45748\/revisions"}],"predecessor-version":[{"id":46052,"href":"https:\/\/fpvoleibol.pt\/fpv\/wp-json\/wp\/v2\/pages\/45748\/revisions\/46052"}],"up":[{"embeddable":true,"href":"https:\/\/fpvoleibol.pt\/fpv\/wp-json\/wp\/v2\/pages\/1032"}],"wp:featuredmedia":[{"embeddable":true,"href":"https:\/\/fpvoleibol.pt\/fpv\/wp-json\/wp\/v2\/media\/45765"}],"wp:attachment":[{"href":"https:\/\/fpvoleibol.pt\/fpv\/wp-json\/wp\/v2\/media?parent=45748"}],"curies":[{"name":"wp","href":"https:\/\/api.w.org\/{rel}","templated":true}]}}