{"id":43204,"date":"2025-10-02T11:58:58","date_gmt":"2025-10-02T10:58:58","guid":{"rendered":"https:\/\/fpvoleibol.pt\/fpv\/?page_id=43204"},"modified":"2025-10-13T10:12:08","modified_gmt":"2025-10-13T09:12:08","slug":"supertaca-2025-masculinos","status":"publish","type":"page","link":"https:\/\/fpvoleibol.pt\/fpv\/competicoes\/supertaca-2025-masculinos\/","title":{"rendered":"SUPERTA\u00c7A 2025 (MASCULINOS)"},"content":{"rendered":"<p style=\"text-align: center;\"><a href=\"https:\/\/fpvoleibol.pt\/fpv\/wp-content\/uploads\/2025\/10\/banner_300x100m.png\"><img loading=\"lazy\" decoding=\"async\" class=\"alignnone size-full wp-image-43208\" src=\"https:\/\/fpvoleibol.pt\/fpv\/wp-content\/uploads\/2025\/10\/banner_300x100m.png\" alt=\"\" width=\"1024\" height=\"341\" srcset=\"https:\/\/fpvoleibol.pt\/fpv\/wp-content\/uploads\/2025\/10\/banner_300x100m.png 1024w, https:\/\/fpvoleibol.pt\/fpv\/wp-content\/uploads\/2025\/10\/banner_300x100m-300x100.png 300w, https:\/\/fpvoleibol.pt\/fpv\/wp-content\/uploads\/2025\/10\/banner_300x100m-768x256.png 768w\" sizes=\"auto, (max-width: 1024px) 100vw, 1024px\" \/><\/a><\/p>\n<table style=\"width: 100%; border-collapse: collapse; border-style: none; border-color: #ffffff; height: 454px;\">\n<tbody>\n<tr style=\"height: 23px;\">\n<td style=\"width: 50%; background-color: #1a2c91; height: 23px; border-style: solid; border-color: #ffffff; text-align: center;\" colspan=\"2\"><span style=\"color: #ffffff;\"><strong>SUPERTA\u00c7A &#8211; MASCULINOS<\/strong><\/span><\/td>\n<\/tr>\n<tr style=\"height: 71px;\">\n<td style=\"width: 50%; height: 71px; border-style: solid; border-color: #ffffff; text-align: center;\" colspan=\"2\"><strong>LOUL\u00c9<\/strong><br \/>\n11 de Outubro 2025 | 16H00<br \/>\nPavilh\u00e3o Municipal Prof. Joaquim Vairinhos<\/p>\n<p><span style=\"font-size: 21px;\"><strong style=\"font-family: inherit;\">SPORTING CP\u00a0 <\/strong><span style=\"font-family: inherit;\">X<\/span><\/span><strong style=\"font-family: inherit; font-size: inherit;\"><span style=\"font-size: 21px;\">\u00a0 SL BENFICA<br \/>\n<\/span><\/strong><span style=\"font-size: 21px;\"><span style=\"font-size: 16px;\">(3-1: 25\/23, 25\/17, 24\/26, 25\/23))<\/span><\/span><strong style=\"font-family: inherit; font-size: inherit;\"><span style=\"font-size: 21px;\"><br \/>\n<\/span><\/strong><\/td>\n<\/tr>\n<tr style=\"height: 119px;\">\n<td style=\"border-style: solid; border-color: #ffffff; text-align: center; width: 100%; height: 119px;\" colspan=\"2\">\n<table style=\"width: 100%; border-collapse: collapse; background-color: #990000;\">\n<tbody>\n<tr>\n<td style=\"width: 100%;\"><span style=\"color: #ffffff;\"><strong>BILHETEIRA<br \/>\nOs bilhetes podem ser adquiridos online em SmartFan.tickets (5\u20ac) <a href=\"https:\/\/smartfan.tickets\/bilheteira-voleibol\" target=\"_blank\" rel=\"noopener\"><span style=\"color: #ffffff;\">\u25ba<\/span><\/a><br \/>\n<\/strong><\/span><\/td>\n<\/tr>\n<\/tbody>\n<\/table>\n<p>&nbsp;<\/p>\n<p>SEGUE A SUPERTA\u00c7A MASCULINA NAS REDES SOCIAIS DESTA FEDERA\u00c7\u00c3O:<br \/>\n<a href=\"https:\/\/www.facebook.com\/fpvoleibol\" target=\"_blank\" rel=\"noopener noreferrer\">FACEBOOK \u25ba<\/a> E <a href=\"https:\/\/www.instagram.com\/portugalvoleibol\/\" target=\"_blank\" rel=\"noopener noreferrer\">INSTAGRAM \u25ba<\/a><\/p>\n<p><strong>TRANSMISS\u00c3O DO JOGO: <\/strong>(SPORT TV) <a href=\"https:\/\/www.sporttv.pt\/pesquisa\/voleibol\/\" target=\"_blank\" rel=\"noopener\">\u25ba<\/a><\/td>\n<\/tr>\n<tr style=\"height: 218px;\">\n<td style=\"width: 100%; border-style: solid; border-color: #ffffff; text-align: center; height: 218px;\" colspan=\"2\"><span style=\"background-color: #9c0000;\"><a href=\"https:\/\/fpvoleibol.pt\/fpv\/wp-content\/uploads\/2023\/09\/supertaca_estrelas.png\"><img loading=\"lazy\" decoding=\"async\" class=\"aligncenter wp-image-27940 size-full\" src=\"https:\/\/fpvoleibol.pt\/fpv\/wp-content\/uploads\/2023\/09\/supertaca_estrelas.png\" alt=\"\" width=\"300\" height=\"214\" \/><\/a><\/span><\/td>\n<\/tr>\n<tr style=\"height: 23px;\">\n<td style=\"width: 50%; height: 23px; border-style: solid; border-color: #ffffff; text-align: center;\" colspan=\"2\"><a href=\"http:\/\/www.portugalvoleibol.com\/classificacao\/stmasc.php\" target=\"_blank\" rel=\"noopener noreferrer\"><strong>RESULTADO E CLASSIFICA\u00c7\u00c3O OFICIAL<\/strong><\/a><\/p>\n<p><a href=\"https:\/\/fpvoleibol.pt\/fpv\/wp-content\/uploads\/2025\/10\/Supertaca2025_MASC_new-1.jpg\"><img loading=\"lazy\" decoding=\"async\" class=\"alignnone wp-image-43275 size-large\" src=\"https:\/\/fpvoleibol.pt\/fpv\/wp-content\/uploads\/2025\/10\/Supertaca2025_MASC_new-1-732x1024.jpg\" alt=\"\" width=\"732\" height=\"1024\" srcset=\"https:\/\/fpvoleibol.pt\/fpv\/wp-content\/uploads\/2025\/10\/Supertaca2025_MASC_new-1-732x1024.jpg 732w, https:\/\/fpvoleibol.pt\/fpv\/wp-content\/uploads\/2025\/10\/Supertaca2025_MASC_new-1-214x300.jpg 214w, https:\/\/fpvoleibol.pt\/fpv\/wp-content\/uploads\/2025\/10\/Supertaca2025_MASC_new-1-768x1075.jpg 768w, https:\/\/fpvoleibol.pt\/fpv\/wp-content\/uploads\/2025\/10\/Supertaca2025_MASC_new-1-1097x1536.jpg 1097w, https:\/\/fpvoleibol.pt\/fpv\/wp-content\/uploads\/2025\/10\/Supertaca2025_MASC_new-1.jpg 1371w\" sizes=\"auto, (max-width: 732px) 100vw, 732px\" \/><\/a><\/td>\n<\/tr>\n<\/tbody>\n<\/table>\n","protected":false},"excerpt":{"rendered":"<p>SUPERTA\u00c7A &#8211; MASCULINOS LOUL\u00c9 11 de Outubro 2025 | 16H00 Pavilh\u00e3o Municipal Prof. Joaquim Vairinhos SPORTING CP\u00a0 X\u00a0 SL BENFICA (3-1: 25\/23, 25\/17, 24\/26, 25\/23)) BILHETEIRA Os bilhetes podem ser [&hellip;]<\/p>\n","protected":false},"author":1,"featured_media":42923,"parent":1032,"menu_order":0,"comment_status":"closed","ping_status":"closed","template":"","meta":{"_monsterinsights_skip_tracking":false,"_monsterinsights_sitenote_active":false,"_monsterinsights_sitenote_note":"","_monsterinsights_sitenote_category":0,"footnotes":""},"class_list":["post-43204","page","type-page","status-publish","has-post-thumbnail","czr-hentry"],"aioseo_notices":[],"_links":{"self":[{"href":"https:\/\/fpvoleibol.pt\/fpv\/wp-json\/wp\/v2\/pages\/43204","targetHints":{"allow":["GET"]}}],"collection":[{"href":"https:\/\/fpvoleibol.pt\/fpv\/wp-json\/wp\/v2\/pages"}],"about":[{"href":"https:\/\/fpvoleibol.pt\/fpv\/wp-json\/wp\/v2\/types\/page"}],"author":[{"embeddable":true,"href":"https:\/\/fpvoleibol.pt\/fpv\/wp-json\/wp\/v2\/users\/1"}],"replies":[{"embeddable":true,"href":"https:\/\/fpvoleibol.pt\/fpv\/wp-json\/wp\/v2\/comments?post=43204"}],"version-history":[{"count":10,"href":"https:\/\/fpvoleibol.pt\/fpv\/wp-json\/wp\/v2\/pages\/43204\/revisions"}],"predecessor-version":[{"id":43433,"href":"https:\/\/fpvoleibol.pt\/fpv\/wp-json\/wp\/v2\/pages\/43204\/revisions\/43433"}],"up":[{"embeddable":true,"href":"https:\/\/fpvoleibol.pt\/fpv\/wp-json\/wp\/v2\/pages\/1032"}],"wp:featuredmedia":[{"embeddable":true,"href":"https:\/\/fpvoleibol.pt\/fpv\/wp-json\/wp\/v2\/media\/42923"}],"wp:attachment":[{"href":"https:\/\/fpvoleibol.pt\/fpv\/wp-json\/wp\/v2\/media?parent=43204"}],"curies":[{"name":"wp","href":"https:\/\/api.w.org\/{rel}","templated":true}]}}