{"id":10661,"date":"2021-10-29T14:39:08","date_gmt":"2021-10-29T13:39:08","guid":{"rendered":"https:\/\/fpvoleibol.pt\/fpv\/?page_id=10661"},"modified":"2021-11-02T10:35:12","modified_gmt":"2021-11-02T09:35:12","slug":"manchete-20-anos-mantendo-a-bola-no-ar","status":"publish","type":"page","link":"https:\/\/fpvoleibol.pt\/fpv\/fpv\/reportagem-manchete\/manchete-20-anos-mantendo-a-bola-no-ar\/","title":{"rendered":"MANCHETE: 20 ANOS MANTENDO A BOLA NO AR"},"content":{"rendered":"<p style=\"text-align: center;\"><a href=\"https:\/\/fpvoleibol.pt\/fpv\/wp-content\/uploads\/2021\/10\/manchete_cover_.jpg\"><img loading=\"lazy\" decoding=\"async\" class=\"aligncenter size-full wp-image-10664\" src=\"https:\/\/fpvoleibol.pt\/fpv\/wp-content\/uploads\/2021\/10\/manchete_cover_.jpg\" alt=\"\" width=\"1024\" height=\"790\" srcset=\"https:\/\/fpvoleibol.pt\/fpv\/wp-content\/uploads\/2021\/10\/manchete_cover_.jpg 1024w, https:\/\/fpvoleibol.pt\/fpv\/wp-content\/uploads\/2021\/10\/manchete_cover_-300x231.jpg 300w, https:\/\/fpvoleibol.pt\/fpv\/wp-content\/uploads\/2021\/10\/manchete_cover_-768x593.jpg 768w\" sizes=\"auto, (max-width: 1024px) 100vw, 1024px\" \/><\/a><\/p>\n<p style=\"text-align: center;\"><span style=\"font-size: 18pt;\"><strong>\u00a0A actividade do N\u00facleo de Gira-Volei da Escola Carolina Beatriz \u00c2ngelo (CBA), pertencente ao Agrupamento de Escolas da S\u00e9, \u00e9 o melhor exemplo de como uma jun\u00e7\u00e3o de esfor\u00e7os e a converg\u00eancia de interesses e de valores pode levar um pequeno grupo a mover montanhas, no caso concreto a cativar todos os anos centenas de jovens para a pr\u00e1tica desportiva, e a faz\u00ea-lo com gosto e de forma f\u00e1cil, divertida e competitiva. Esse \u00e9 o poder do projecto de inicia\u00e7\u00e3o ao Voleibol criado pela Federa\u00e7\u00e3o Portuguesa de Voleibol h\u00e1 mais de duas d\u00e9cadas, denominado Gira-Volei, e que j\u00e1 mereceu a aten\u00e7\u00e3o de entidades internacionais pela forma como cativa milhares de crian\u00e7as e jovens.\u00a0<\/strong><\/span><\/p>\n<p>A ades\u00e3o da ent\u00e3o Escola da Sequeira ao projecto Gira-Volei concretizou-se, pela m\u00e3o do professor Nuno Lemos, no in\u00edcio do ano de 2001, com 56 atletas. N\u00famero que iria conhecer um aumento progressivo at\u00e9 estabilizar na centena de atletas que todos os anos praticam a modalidade. Pelo meio, v\u00e1rios t\u00edtulos de campe\u00e3o (21 nacionais, 66 regionais e 3 inter-regionais), entre outras distin\u00e7\u00f5es, como o Pr\u00e9mio M\u00e9rito Gira na 10.\u00aa Gala Anual do Voleibol em Dezembro de 2006, o primeiro do g\u00e9nero atribu\u00eddo pela FPV a Nuno Lemos.<\/p>\n<p>E \u00e9 exactamente o impulsionador de todo este processo \u2013 campe\u00e3o nacional Gira-Volei + 23 anos em 2011, 2015, 2016, 2017, 2018 e 2019 \u2013 a explicar como \u00e9 que, ao longo de vinte anos, conseguiram manter-se sempre no topo e continuar a cativar tantos gira-atletas.<\/p>\n<p><img loading=\"lazy\" decoding=\"async\" class=\"alignleft wp-image-10530\" src=\"https:\/\/fpvoleibol.pt\/fpv\/wp-content\/uploads\/2021\/10\/Nuno_Lemos-e1635512712629.jpg\" alt=\"\" width=\"400\" height=\"363\" \/><\/p>\n<p>\u2013 <strong>A pandemia de Covid-19 afectou todos os sectores da sociedade e de uma forma mais concreta a actividade desportiva colectiva. Como conseguiram <em>sobreviver<\/em> a este momento, que poder\u00edamos apelidar de <em>obscurantismo<\/em><\/strong>?<\/p>\n<p><strong>NUNO LEMOS<\/strong>: \u201cInfelizmente, a pandemia veio afectar muita coisa e alterar os h\u00e1bitos e as rotinas que toda a gente tinha, e como \u00e9 \u00f3bvio nas escolas isso tamb\u00e9m se sentiu muito. Dentro do poss\u00edvel, tent\u00e1mos manter as actividades enquanto nos foi permitido, mas quando fomos para casa foi complicado.<br \/>\nTent\u00e1mos continuar a manter o gosto pela modalidade e motivar os alunos, enviando alguns v\u00eddeos e propostas de treino para eles fazerem em casa, e mesmo at\u00e9 alguns desafios, como o \u00abn\u00famero de toques\u00bb, \u00abjogar com a fam\u00edlia\u00bb, etc., e eles corresponderam enviando-nos fotografias e v\u00eddeos.<br \/>\nDe forma surpreendente e felizmente, este ano em que as actividades retomaram o caminho normal, houve uma grande ades\u00e3o.<br \/>\nAntes mesmo do primeiro dia de aulas, recebi mensagens de pais a perguntarem se iria haver treinos logo no primeiro dia de aulas e se os filhos podiam trazer o equipamento.<br \/>\nCom muito agrado meu, temos tido uma ades\u00e3o muito grande, superior ainda \u00e0 que t\u00ednhamos h\u00e1 dois anos atr\u00e1s, principalmente de crian\u00e7as de 5.\u00ba ano. Os que c\u00e1 estavam seria normal eles retomarem a actividade, porque j\u00e1 sabiam como funcion\u00e1vamos e como \u00e9 que era o projecto, mas ter nos primeiros treinos logo 10, 15 alunos novos do 5.\u00ba ano, deixa-me muito satisfeito porque eles est\u00e3o a retomar a actividade f\u00edsica, a retomar o Voleibol e a aderir ao projecto com muita for\u00e7a.<br \/>\nTenho a certeza de que grande parte desta ades\u00e3o se deve a termos iniciado h\u00e1 tr\u00eas anos o projecto Gira-Volei no 1.\u00ba ciclo\u201d.<\/p>\n<p>\u2013 <strong>Ao longo dos \u00faltimos 20 anos, o N\u00facleo Gira-Volei desta escola esteve sempre muito activo: desenvolvendo actividades extra-desportivas como a caderneta, calend\u00e1rios de bolso e de mesa, etc., tendo mesmo uma publica\u00e7\u00e3o pr\u00f3pria que \u00e9 j\u00e1 um \u00edcone tanto da modalidade como da pr\u00f3pria escola, o Boletim Informativo Sequeira Voleibol. Pode falar-se j\u00e1 numa esp\u00e9cie de heran\u00e7a, que passa de irm\u00e3o para irm\u00e3o, de pai para filho<\/strong>?<br \/>\n<strong>NL<\/strong>: \u201cDe pai para filho ainda n\u00e3o cheg\u00e1mos a esse ponto, mas estamos quase a chegar porque j\u00e1 temos v\u00e1rios mi\u00fados filhos de antigos alunos\/atletas que em breve poder\u00e3o vir para a escola, e acredito que se for pela vontade dos pais, esses filhos vir\u00e3o para esta escola porque, felizmente, os alunos quando saem daqui levam consigo muito boas recorda\u00e7\u00f5es, muito boas experi\u00eancias. As de que eles falam mais s\u00e3o as experi\u00eancias desportivas, e dentro dessas, aquilo o que o Gira-Volei lhes tem proporcionado, porque s\u00e3o muitas as experi\u00eancias de que eles nunca mais se v\u00e3o esquecer. Eles pr\u00f3prios podem testemunhar isso. E essas imagens, essas mensagens, ao serem passadas para os filhos, estes tamb\u00e9m certamente querer\u00e3o vir para a escola de que os pais falam t\u00e3o bem.<br \/>\nDe irm\u00e3os, \u00e9 frequente eu chegar ao treino e dizerem-me: \u00f3 professor, lembra-se deste aluno que saiu daqui h\u00e1 n\u00e3o sei quantos anos? Lembro-me! Olhe, eu sou irm\u00e3o dele e ele disse-me que das primeiras coisas que devo fazer ao entrar nesta escola \u00e9 vir ter consigo para me inscrever no Voleibol. Obviamente, isso deixa-me muito satisfeito e \u00e9 por isso que ao longo destes 20 anos temos conseguido manter mais ou menos o mesmo n\u00famero de praticantes, as actividades regulares, os v\u00e1rios projectos que temos ligados ao Voleibol e ao Gira-Volei, porque vai passando de gera\u00e7\u00e3o em gera\u00e7\u00e3o\u201d.<\/p>\n<p style=\"text-align: center;\"><img loading=\"lazy\" decoding=\"async\" class=\"wp-image-10539 size-full aligncenter\" src=\"https:\/\/fpvoleibol.pt\/fpv\/wp-content\/uploads\/2021\/10\/Tiago_e_Nuno_Lemos-e1635512737853.jpg\" alt=\"\" width=\"640\" height=\"380\" \/><em><span style=\"font-size: 12pt;\">Ver <a href=\"https:\/\/youtu.be\/Y-Xn7ggW6mk\" target=\"_blank\" rel=\"noopener\">AQUI<\/a> a entrevista do professor Nuno Lemos ao aluno (e filho) Tiago Lemos<\/span><\/em><\/p>\n<p>\u2013 <strong>Essa identifica\u00e7\u00e3o que os alunos\/atletas fazem entre a Escola e o Voleibol ou Gira-Volei ajuda a que voc\u00eas tenham, h\u00e1 algum tempo a esta parte, todos os anos cerca de uma centena de atletas a praticar a modalidade?<\/strong><br \/>\n<strong>NL<\/strong>: \u201cAcredito que sim. Ao irem passando a mensagem de gera\u00e7\u00e3o em gera\u00e7\u00e3o, os alunos chegam aqui \u00e0 Escola e t\u00eam sempre quatro redes montadas e nos intervalos v\u00eaem os colegas sempre a jogarem Voleibol nos recreios. Mesmo que no in\u00edcio eles possam sentir alguma vergonha, pois admito que numa escola nova, onde n\u00e3o conhecem quase ningu\u00e9m, isso aconte\u00e7a, ao verem todo este movimento \u2013 e eu pr\u00f3prio tento integr\u00e1-los ao realizar os primeiros treinos nos campos exteriores \u2013, v\u00e3o interagindo com os mais velhos, o bichinho vai-se desenvolvendo, come\u00e7am a vir aos treinos e, tenho essa sorte e felicidade, eles v\u00e3o gostando, e a verdade \u00e9 que j\u00e1 h\u00e1 muitos anos que mantemos sempre mais ou menos o n\u00famero de 100 atletas de Gira-Volei inscritos neste projecto.\u201d<\/p>\n<p><strong>\u2013 Assistir a isso contribui para o pr\u00f3prio mentor do projecto continuar a alimentar um bichinho que ainda sente mesmo volvidas duas d\u00e9cadas?<br \/>\nNL: <\/strong>\u201cEu tenho uma grande paix\u00e3o pelo Voleibol e quando uma pessoa faz aquilo que gosta, f\u00e1-lo com muito mais vontade. \u00c9 verdade que d\u00e1 trabalho, s\u00e3o muitas horas que retiramos a outras coisas que poder\u00edamos fazer, retiramos \u00e0 fam\u00edlia, \u00e0 vida pessoal e a outros projectos que temos, mas eu gosto muito de ser professor, de ser treinador de Voleibol, de estar com os meus alunos, e essa paix\u00e3o que tenho \u00e9 o que me faz manter ao longo dos anos a chama viva e que espero se mantenha por muitos mais anos porque irei estar na escola muitos mais anos, pois as reformas s\u00e3o cada vez mais tarde\u2026 Para j\u00e1, n\u00e3o me importo nada que a reforma ainda venha longe porque o que eu gosto de fazer \u00e9 mesmo estar na escola, dar aulas, dar treinos e conviver com os alunos.\u201d<\/p>\n<p><strong>\u2013 Em tantos anos e tantas actividades, que momentos merecem maior destaque?<br \/>\n<\/strong><strong>NL:<\/strong>\u00a0\u201cEu destacaria desde logo a entrada no projecto, em 2001. No ano anterior, quando cheguei a esta escola, j\u00e1 tinha algum conhecimento do projecto por interm\u00e9dio da liga\u00e7\u00e3o que tinha \u00e0 Federa\u00e7\u00e3o de Voleibol, com quem tinha colaborado quando estive a leccionar no Porto.<br \/>\nOutro momento ser\u00e1 a primeira vez que fomos a uma final Nacional do Gira-Volei, em 2003, no Jamor, e que foi uma aventura porque n\u00e3o havia ainda o apoio que neste momento temos do agrupamento e mesmo da autarquia, que agora e felizmente nos ajuda nos Encontros Nacionais.<br \/>\nNa altura, pedi a carrinha emprestada ao meu sogro e fui eu e mais oito atletas participar nessa competi\u00e7\u00e3o. Claro que apesar das dificuldades tenho as melhores recorda\u00e7\u00f5es, pois se calhar foi a\u00ed que tudo come\u00e7ou de outra forma, digamos assim.<br \/>\nNos Encontros Nacionais, haveria muito para falar sobre as experi\u00eancias que temos tido, e por aquilo que a Federa\u00e7\u00e3o nos proporciona, desde conhecer o Pa\u00eds desde o Norte at\u00e9 ao Sul, porque n\u00f3s j\u00e1 particip\u00e1mos em finais nacionais desde Miranda do Douro at\u00e9 Portim\u00e3o. Felizmente, desde 2003 at\u00e9 agora praticamente temos ido a todas as finais nacionais, e h\u00e1 sempre hist\u00f3rias, h\u00e1 sempre aventuras, perip\u00e9cias que eu n\u00e3o me esque\u00e7o e que os alunos tamb\u00e9m n\u00e3o se esquecem, como o facto de alguns deles terem visto pela primeira vez o mar quando foram jogar uma final do Nacional de Gira-Volei. Alguns passaram a primeira noite fora de casa quando foram comigo a essas finais. S\u00e3o recorda\u00e7\u00f5es que nunca irei esquecer e que eles tamb\u00e9m n\u00e3o.<br \/>\nE falando apenas de mais uma, a amabilidade que a Federa\u00e7\u00e3o teve de atribuir-me o primeiro o Pr\u00e9mio M\u00e9rito Gira. Claro que me tocou, n\u00e3o estava minimamente \u00e0 espera. Tanto n\u00e3o estava que tinha ido mais perto do palco do Casino de Espinho \u2013 local da na 10.\u00aa Gala Anual do Voleibol em Dezembro de 2006 \u2013 para tirar fotos aos meus atletas, que tinham sido campe\u00f5es nacionais, e quando estava a recuar para o meu lugar na mesa fui ouvindo a lerem um curr\u00edculo de algu\u00e9m que me soava familiar. Esse curr\u00edculo era o meu. Na semana anterior, o meu amigo Hugo Silva tinha-me ligado para eu lhe mandar o meu curr\u00edculo para fazerem uma apresenta\u00e7\u00e3o qualquer e afinal n\u00e3o era para isso, era para fazerem a apresenta\u00e7\u00e3o do Pr\u00e9mio M\u00e9rito Gira-Volei na Gala. Fiquei muito satisfeito pelo pr\u00e9mio que me foi atribu\u00eddo pela Federa\u00e7\u00e3o e tamb\u00e9m porque na altura foi entregue pelo Daniel Lacerda, meu amigo h\u00e1 longos anos, e isso teve muito significado para mim&#8221;.<\/p>\n<p>&nbsp;<\/p>\n<p><img loading=\"lazy\" decoding=\"async\" class=\"aligncenter wp-image-10553 size-full\" src=\"https:\/\/fpvoleibol.pt\/fpv\/wp-content\/uploads\/2021\/10\/CBA_NL_gala2006-e1635512790272.jpg\" alt=\"\" width=\"640\" height=\"428\" \/><\/p>\n<p style=\"text-align: center;\"><span style=\"background-color: #99ccff; font-size: 18pt;\"><strong>\u00a0Presidente da AV Guarda: \u201cNo Interior, infelizmente n\u00e3o h\u00e1 muita gente que se preste a despender o seu tempo em prol das associa\u00e7\u00f5es e dos clubes\u201d\u00a0<\/strong><\/span><\/p>\n<p>&nbsp;<\/p>\n<p><strong>\u2013 A ac\u00e7\u00e3o do professor e monitor Nuno Lemos n\u00e3o se esgota aqui, j\u00e1 que acumula agora as fun\u00e7\u00f5es de Presidente da Associa\u00e7\u00e3o de Voleibol da Guarda\u2026<\/strong><\/p>\n<p><strong>NL:<\/strong>\u00a0\u201cNo Interior do Pa\u00eds, infelizmente n\u00e3o h\u00e1 muita gente que se preste a despender o seu tempo em prol das associa\u00e7\u00f5es e dos clubes. Assim, os poucos que o fazemos, acabamos por estar em v\u00e1rios s\u00edtios ao mesmo tempo.<br \/>\nO facto de neste momento ser o Presidente da Associa\u00e7\u00e3o de Voleibol da Guarda prende-se com o facto muito triste que foi o falecimento do Presidente, do nosso amigo M\u00e1rio Sucena [<a href=\"https:\/\/fpvoleibol.pt\/fpv\/2021\/02\/01\/voleibol-de-luto-3\/\">ver not\u00edcia<\/a>]. Antes de ter falecido, ele j\u00e1 estava na Direc\u00e7\u00e3o da Federa\u00e7\u00e3o e como n\u00e3o podia acumular os cargos, pediu-me para assumir a Presid\u00eancia da Associa\u00e7\u00e3o enquanto era Director na FPV.<br \/>\nTenho estado \u00e0 frente da Associa\u00e7\u00e3o com todo o prazer. N\u00e3o s\u00f3 pelo gosto pela modalidade e por pretender e tentar dinamizar o Voleibol no Interior, neste caso na regi\u00e3o da Guarda e de Castelo Branco, mas tamb\u00e9m por querer continuar o trabalho que sei que o M\u00e1rio Sucena teria muito gosto em que fosse feito e para o qual ele muito contribuiu na cidade da Guarda, primeiro como jogador, depois enquanto \u00e1rbitro e enquanto dirigente\u2026 Sei o que ele queria fazer e pretendo dar seguimento ao trabalho dele\u201d.<\/p>\n<p><strong>\u2013 Olhando por cima do ombro e vendo tudo aquilo o que j\u00e1 foi conseguido, existe ainda algum projecto que foi sendo alimentado ao longo dos anos mas ainda n\u00e3o concretizado?<br \/>\n<\/strong><strong>NL:<\/strong>\u00a0\u201cH\u00e1 um, pessoal, que apesar de j\u00e1 o termos conseguido concretizar durante dois anos, infelizmente n\u00e3o foi uma realidade ao longo do tempo, que \u00e9 a passagem do Gira-Volei para o Voleibol federado.<br \/>\nAquilo que eu mais gostaria \u00e9 que houvesse mais equipas na regi\u00e3o. Infelizmente, s\u00f3 temos um clube no activo com actividade federada, que \u00e9 o Sena Clube de Seia, mas gostava imenso que essa passagem pudesse ser feita e abrisse caminho a mais clubes e equipas.<br \/>\nSe n\u00e3o acontece, n\u00e3o \u00e9 por falta de atletas, porque desta escola saem todos os anos v\u00e1rios alunos para o 10.\u00ba ano, saem tamb\u00e9m das outras escolas do agrupamento, da escola de S. Miguel e da S\u00e9, e mesmo da Escola Regional Dr. Jos\u00e9 Dinis da Fonseca, v\u00e1rios atletas, e custa-me dizer isto, que se perdem, porque depois n\u00e3o t\u00eam o seguimento em clubes, n\u00e3o h\u00e1 possibilidade de equipas federadas, e a raz\u00e3o \u00e9 muito simples: estamos muito longe, n\u00e3o temos equipas pr\u00f3ximas para realizar um quadro competitivo regional mais pr\u00f3ximo. O que temos aqui mais perto ser\u00e1 Coimbra, eventualmente Porto, e ir de quinze em quinze dias jogar a Coimbra, ao Porto ou a Aveiro, \u00e9 muito complicado. E eu sei que \u00e9 complicado porque, h\u00e1 cerca de seis anos, conseguimos avan\u00e7ar com este projecto, conseguimos que um clube da Guarda, o Guarda Unida, abra\u00e7asse o projecto do Voleibol federado e v\u00e1rios alunos que sa\u00edram daqui integraram essa equipa, da qual eu tamb\u00e9m fiz parte como jogador, e conseguimos disputar o Campeonato da III Divis\u00e3o durante dois anos, mas foi insuport\u00e1vel: portagens, viagens, alimenta\u00e7\u00e3o, de quinze em quinze dias, fazer 400, 500 quil\u00f3metros \u00e9 muito dif\u00edcil.<br \/>\nApesar de ser um projecto que eu gostaria de avan\u00e7ar, tamb\u00e9m tenho consci\u00eancia de que \u00e9 muito complicado e por isso agarro-me \u00e0quilo que \u00e9 poss\u00edvel e em que vejo que os alunos s\u00e3o felizes, \u00e0quilo que lhes proporciona experi\u00eancias inesquec\u00edveis, que \u00e9 o caso do Gira-Volei.<br \/>\nO federado \u00e9 realmente dif\u00edcil de atingir\u2026 pelo menos para j\u00e1.\u201d<\/p>\n<p><strong>\u2013 A forma como v\u00ea o Gira-Volei, como meio de pr\u00e1tica desportiva e de inicia\u00e7\u00e3o ao Voleibol, \u00e9 a mesma, mesmo volvidos todos estes anos?<br \/>\n<\/strong><strong>NL:<\/strong> \u201cSim. \u00c9 a forma mais f\u00e1cil, simples e divertida de come\u00e7ar a jogar Voleibol! H\u00e1 vinte anos que n\u00e3o tenho d\u00favida nenhuma sobre isso. \u00c9 fundamental n\u00e3o s\u00f3 nos treinos que damos como nas pr\u00f3prias aulas de educa\u00e7\u00e3o f\u00edsica porque utilizamos as estrat\u00e9gias, o material que a Federa\u00e7\u00e3o nos envia para o Gira-Volei e todos os meus colegas utilizam o projecto para a inicia\u00e7\u00e3o na suas aulas e t\u00eam tido excelentes resultados.<br \/>\nDentro dos projectos extra-escola, o Gira-Volei \u00e9 o mais bem organizado, \u00e9 aquele que d\u00e1 um apoio mais s\u00f3lido a quem est\u00e1 a trabalhar nele, porque na Federa\u00e7\u00e3o h\u00e1 pessoas destacadas a tempo inteiro e qualquer quest\u00e3o que seja necess\u00e1ria, temos o apoio, temos o material \u2013 que n\u00e3o se compara com aquilo que \u00e9 dado noutros projectos. \u00c9 f\u00e1cil aderir ao projecto e \u00e9 muito agrad\u00e1vel de trabalhar nele.\u201d<\/p>\n<p style=\"text-align: center;\"><a href=\"https:\/\/fpvoleibol.pt\/fpv\/wp-content\/uploads\/2021\/10\/IMG_6972.jpg\"><img loading=\"lazy\" decoding=\"async\" class=\"aligncenter size-full wp-image-10683\" src=\"https:\/\/fpvoleibol.pt\/fpv\/wp-content\/uploads\/2021\/10\/IMG_6972.jpg\" alt=\"\" width=\"960\" height=\"640\" srcset=\"https:\/\/fpvoleibol.pt\/fpv\/wp-content\/uploads\/2021\/10\/IMG_6972.jpg 960w, https:\/\/fpvoleibol.pt\/fpv\/wp-content\/uploads\/2021\/10\/IMG_6972-300x200.jpg 300w, https:\/\/fpvoleibol.pt\/fpv\/wp-content\/uploads\/2021\/10\/IMG_6972-768x512.jpg 768w\" sizes=\"auto, (max-width: 960px) 100vw, 960px\" \/><\/a><\/p>\n<p>&nbsp;<\/p>\n<p><img loading=\"lazy\" decoding=\"async\" class=\"alignright wp-image-10543\" src=\"https:\/\/fpvoleibol.pt\/fpv\/wp-content\/uploads\/2021\/10\/Leonel_Castro-e1635512897880.jpg\" alt=\"\" width=\"400\" height=\"373\" srcset=\"https:\/\/fpvoleibol.pt\/fpv\/wp-content\/uploads\/2021\/10\/Leonel_Castro-e1635512897880.jpg 408w, https:\/\/fpvoleibol.pt\/fpv\/wp-content\/uploads\/2021\/10\/Leonel_Castro-e1635512897880-300x279.jpg 300w\" sizes=\"auto, (max-width: 400px) 100vw, 400px\" \/><\/p>\n<p style=\"text-align: center;\"><span style=\"background-color: #99ccff; font-size: 18pt;\"><strong>\u00a0Leonel Castro: \u201cO fair-play que os alunos adquirem no Voleibol revela-se no dia-a-dia\u201d\u00a0<\/strong><\/span><\/p>\n<p style=\"text-align: left;\">Leonel Castro \u00e9 Presidente do Conselho Geral do Agrupamento de Escolas da S\u00e9. Embora esteja h\u00e1 pouco tempo profissionalmente ligado \u00e0 CBA, acompanha h\u00e1 j\u00e1 longos anos o trajecto do Gira-Volei no desenvolvimento f\u00edsico e moral dos alunos.<\/p>\n<p><strong>\u2013 Como \u00e9 que a escola v\u00ea este projecto, que atravessa gera\u00e7\u00f5es de alunos?<br \/>\n<\/strong><strong>LEONEL CASTRO: <\/strong>\u201cEstou nesta escola h\u00e1 apenas dois meses, mas no agrupamento de escolas ao qual pertence a Escola Carolina Beatriz \u00c2ngelo estou h\u00e1 46 anos e, portanto, tenho acompanhado o trabalho desenvolvido pelos professores de educa\u00e7\u00e3o f\u00edsica no que toca ao Voleibol e a envolv\u00eancia dos alunos, mais ainda agora na qualidade de Presidente do Conselho Geral, cuja fun\u00e7\u00e3o \u00e9 acompanhar toda a envolv\u00eancia e o trabalho efectuado na escola e em todos os projectos.<br \/>\nReconhe\u00e7o que, efectivamente, h\u00e1 uma grande identidade entre o Voleibol e a escola, com todas as vantagens que da\u00ed adv\u00eam, nomeadamente as pr\u00f3prias regras do Voleibol incutem nos mi\u00fados as regras de saber estar na escola. Os valores que os alunos adquirem no desporto, eles depois aplicam-nos no dia-a-dia da escola.<br \/>\nEsta escola efectivamente tem um cariz especial, olha muito para o aluno, olha muito para as pessoas e numa escola assim \u00e9 necess\u00e1rio haver um certo respeito por regras e o pr\u00f3prio Voleibol incute nos alunos essas regras. Nota-se que eles s\u00e3o alunos diferentes no que toca ao comportamento, ao respeito pelos outros. O pr\u00f3prio fair-play que eles adquirem no Desporto, no caso concreto do Voleibol, revela-se no dia-a-dia. H\u00e1 uma identidade muito grande entre o Voleibol e a escola.<br \/>\nPorque hoje em dia, meus amigos, o ensino est\u00e1 dif\u00edcil e as crian\u00e7as facilmente se desviam do seu trajecto normal. E o Voleibol tem um aspecto importante na medida em que atrai os mi\u00fados para a pr\u00e1tica desportiva, incute-lhes valores que efectivamente a sociedade n\u00e3o est\u00e1 a transmitir. Nesse aspecto, o Voleibol \u00e9 importante nesta escola como seria noutras escolas.<br \/>\nAqui nota-se que o Voleibol \u00e9 muito importante para os alunos. Nos 46 anos e meio que tenho de ensino, nas escolas secund\u00e1rias a que pertenci e ao agrupamento a que perten\u00e7o, o normal ver nos intervalos, nos tempos livres, \u00e9 ver os alunos pedirem uma boal de futebol para ocuparem os tempos livres. Aqui, j\u00e1 dei conta \u2013 j\u00e1 sabia disso -, eles n\u00e3o pedem uma bola de futebol. Quando v\u00e3o pedir \u00e0s funcion\u00e1rias uma bola para se entreterem nos intervalos ou em qualquer furo em que n\u00e3o tenham aulas, pedem uma bola de Voleibol. Isto mostra o interesse que eles t\u00eam no Voleibol e o papel que a modalidade tem na sua educa\u00e7\u00e3o\u201d.<\/p>\n<p><strong>\u2013 Com a jun\u00e7\u00e3o de escolas num mega-agrupamento de escolas, houve quem temesse uma perda de identidade. O Voleibol, com o esp\u00edrito de equipa e com todos a lutarem por um mesmo objectivo, ajudou a manter a personalidade desta escola?<br \/>\n<\/strong><strong>LC:<\/strong>\u00a0\u201cCompletamente. A escola manteve a sua identidade pr\u00f3pria\u2026 Os alunos s\u00e3o sempre a parte mais importante, mas n\u00e3o posso deixar de destacar um aspecto: a identidade mant\u00e9m-se gra\u00e7as ao trabalho dos profissionais de educa\u00e7\u00e3o f\u00edsica desta escola. Acompanho de longe h\u00e1 v\u00e1rios anos e mais de perto como Presidente do Conselho Geral, e vejo isso: eles fazem tudo para que os alunos estejam sempre em sintonia com o Voleibol. E os alunos recebem isso como um presente e tiram partido disso.<br \/>\nH\u00e1 uma coisa que hoje em dia acontece com o professor. O professor \u00e9 um profissional que se sente desmotivado. Analisamos os inqu\u00e9ritos aos professores e sentimos que h\u00e1 uma desmotiva\u00e7\u00e3o grande. E essa desmotiva\u00e7\u00e3o n\u00e3o se nota nos professores de educa\u00e7\u00e3o f\u00edsica desta escola. Desde os torneios ao facto de virem dar treino aos alunos nas tardes livres para l\u00e1 do seu hor\u00e1rio. O pr\u00f3prio Boletim Informativo [da Sequeira] que editam \u00e9 importante porque \u00e9 elaborado pelos alunos, que s\u00e3o autores de artigos, e s\u00e3o alunos do quinto, sexto, s\u00e9timo, oitavo e nono ano, isso \u00e9 importante porque eles sentem o Voleibol de maneira diferente, n\u00e3o se limitam a vir jogar.<br \/>\nMesmo com o mega-agrupamento que juntou tr\u00eas grandes escolas, uma delas que chegou a ter 1500 alunos, esta escola n\u00e3o perdeu absolutamente nada da sua identidade. Tamb\u00e9m para isso contribuiu, como \u00e9 \u00f3bvio, as facilidades que o agrupamento d\u00e1. E o pr\u00f3prio agrupamento reconhece o valor desta escola nesse aspecto, que envolve desde o funcion\u00e1rio do pr\u00f3prio pavilh\u00e3o aos pais dos alunos que marcam presen\u00e7a nos torneios de Gira-Volei\u201d.<\/p>\n<p><strong>&#8211; Os pais apercebem-se das transforma\u00e7\u00f5es na personalidade dos seus filhos motivadas pela pr\u00e1tica e pelos valores do Voleibol?<br \/>\n<\/strong><strong>LC:<\/strong>\u00a0\u201cCreio que sim. Hoje em dia os pais est\u00e3o presentes na escola. Como \u00e9 evidente, gostar\u00edamos que estivessem ainda mais. Temos reuni\u00f5es com os pais e eles reconhecem o valor. Se os pais n\u00e3o vissem interesse no que toca a obter valores, esp\u00edrito de equipa, os pais n\u00e3o deixariam vir os filhos.<br \/>\nE quando h\u00e1 torneios de Gira-Volei aos fins-de-semana, os pais est\u00e3o presentes por exemplo no Parque Urbano do Rio Diz\u2026<br \/>\nDigo sempre, e n\u00e3o \u00e9 que considere ter sido um bom aluno ou, agora, um cidad\u00e3o modelo, mas eu toda a vida pratiquei desporto. Fui jogador federado, n\u00e3o de Voleibol, porque n\u00e3o tinha altura suficiente para chegar \u00e0 rede, mas fui guarda-redes de Andebol na II Divis\u00e3o Nacional durante muitos anos e entendo que \u00e9 fundamental o aluno praticar desporto, porque a disciplina que se incute no Voleibol e noutras modalidades, os valores, o respeito pelo advers\u00e1rio, o fair-play que se adquire no desporto, incutem valores que v\u00e3o ter repercuss\u00e3o na sala de aula e na forma\u00e7\u00e3o cient\u00edfica do aluno\u201d.<\/p>\n<p style=\"text-align: center;\"><a href=\"https:\/\/fpvoleibol.pt\/fpv\/wp-content\/uploads\/2021\/10\/IMG_6967.jpg\"><img loading=\"lazy\" decoding=\"async\" class=\"aligncenter size-full wp-image-10684\" src=\"https:\/\/fpvoleibol.pt\/fpv\/wp-content\/uploads\/2021\/10\/IMG_6967.jpg\" alt=\"\" width=\"960\" height=\"640\" srcset=\"https:\/\/fpvoleibol.pt\/fpv\/wp-content\/uploads\/2021\/10\/IMG_6967.jpg 960w, https:\/\/fpvoleibol.pt\/fpv\/wp-content\/uploads\/2021\/10\/IMG_6967-300x200.jpg 300w, https:\/\/fpvoleibol.pt\/fpv\/wp-content\/uploads\/2021\/10\/IMG_6967-768x512.jpg 768w\" sizes=\"auto, (max-width: 960px) 100vw, 960px\" \/><\/a><\/p>\n<p>&nbsp;<\/p>\n<p><img loading=\"lazy\" decoding=\"async\" class=\"alignleft wp-image-10531\" src=\"https:\/\/fpvoleibol.pt\/fpv\/wp-content\/uploads\/2021\/10\/Jose_Luis_Lopes-e1635512957413.jpg\" alt=\"\" width=\"400\" height=\"364\" srcset=\"https:\/\/fpvoleibol.pt\/fpv\/wp-content\/uploads\/2021\/10\/Jose_Luis_Lopes-e1635512957413.jpg 406w, https:\/\/fpvoleibol.pt\/fpv\/wp-content\/uploads\/2021\/10\/Jose_Luis_Lopes-e1635512957413-300x273.jpg 300w\" sizes=\"auto, (max-width: 400px) 100vw, 400px\" \/><\/p>\n<p style=\"text-align: center;\"><span style=\"background-color: #99ccff; font-size: 18pt;\"><strong>\u00a0Jos\u00e9 Lu\u00eds Lopes: \u201cContinuo a ver no Gira-Volei um projecto interessant\u00edssimo que consegue cativar as crian\u00e7as&#8221;\u00a0\u00a0<\/strong><\/span><\/p>\n<p>Jos\u00e9 Lu\u00eds Lopes \u00e9 um professor de Educa\u00e7\u00e3o F\u00edsica que tem acompanhado na escola CBA o projecto Gira-Volei desde o seu in\u00edcio, sendo ainda o respons\u00e1vel pelo Futsal feminino h\u00e1 cerca de 18 anos.<\/p>\n<p><strong>JOS\u00c9 LU\u00cdS LOPES<\/strong>: \u201cO Gira-Volei tem conhecido um crescimento exponencial. Pode ter havido uma ou outra excep\u00e7\u00e3o, mas ano a ano tem aumentado o n\u00famero de alunos motivados para a pr\u00e1tica desportiva na nossa escola, os rapazes mais para o Voleibol e as meninas mais para o Futsal, que \u00e9 a de que eu sou respons\u00e1vel, mas no Gira-Volei a escola consegue cativar tamb\u00e9m muitas meninas que participam nas fases regionais e acabam por ir disputar a fase nacional.<br \/>\nContinuo a ver no Gira-Volei um projecto interessant\u00edssimo porque consegue cativar as nossas crian\u00e7as e, ao fim e ao cabo, aquilo que n\u00f3s queremos \u00e9 que elas pratiquem desporto.<br \/>\nO Gira-Volei \u00e9 como uma mola que facilita um bocadinho o trabalho de cativa\u00e7\u00e3o dos mi\u00fados para a pr\u00e1tica desportiva, no caso concreto para o Voleibol, e eu que sou respons\u00e1vel pelo Futsal feminino n\u00e3o tenho esse instrumento. Tenho sempre de inventar qualquer coisa, como torneios internos, uma competi\u00e7\u00e3o a que chamo Fut4, que \u00e9 uma forma de copiar um pouco aquilo que faz o Voleibol.<br \/>\nA Federa\u00e7\u00e3o Portuguesa de Voleibol investe imenso no Gira-Volei e eu tenho pena de que isso n\u00e3o aconte\u00e7a no Futebol.<br \/>\nTenho a Festa do Futebol Feminino, onde n\u00f3s temos ido quase todos os anos a Lisboa, desde que o projecto come\u00e7ou. \u00c9 tamb\u00e9m uma forma de cativar os mi\u00fados e se n\u00f3s lhes damos mais instrumentos para eles gostarem da modalidade, \u00e9 sempre meio-caminho andado para facilitar a aprendizagem deles e a continuidade na modalidade, que, no fundo, tamb\u00e9m \u00e9 muito importante.<br \/>\nTal como o Futsal, o Voleibol est\u00e1 consolidado na nossa escola, porque os professores de educa\u00e7\u00e3o f\u00edsica est\u00e3o muito focados no projecto do desporto escolar e sempre com a preocupa\u00e7\u00e3o de ir ao encontro dos interesses dos mi\u00fados. E quando eles e elas aqui chegam e v\u00eaem no Voleibol ou no Futsal uma forma de praticar desporto \u00e9 uma forma de n\u00f3s irmos ao encontro daquilo que os motiva.<br \/>\nAs modalidades que temos para lhes oferecer s\u00e3o praticamente as mesmas h\u00e1 duas d\u00e9cadas porque est\u00e3o consolidadas e quem chega, sejam alunos ou professores, integram-se rapidamente. O professor chega e enquadra-se naquela modalidade. No Voleibol n\u00e3o h\u00e1 necessidade porque temos o melhor professor de Voleibol do Pa\u00eds!\u201d.<\/p>\n<p>&nbsp;<\/p>\n<p style=\"text-align: center;\"><span style=\"font-size: 18pt;\"><strong>Com o Gira-Volei \u201cyou never walk alone\u201d<br \/>\nTESTEMUNHOS<\/strong><\/span><\/p>\n<p>&nbsp;<\/p>\n<p><a href=\"https:\/\/fpvoleibol.pt\/fpv\/wp-content\/uploads\/2021\/10\/Armando_Martins-e1635513308701.jpg\"><img loading=\"lazy\" decoding=\"async\" class=\"alignright wp-image-10532\" src=\"https:\/\/fpvoleibol.pt\/fpv\/wp-content\/uploads\/2021\/10\/Armando_Martins-e1635513394346.jpg\" alt=\"\" width=\"400\" height=\"378\" \/><\/a><\/p>\n<p style=\"text-align: center;\"><span style=\"background-color: #99ccff; font-size: 18pt;\"><strong>\u00a0Armando Martins: \u201cO Gira-Volei \u00e9 bom para os jovens, n\u00e3o s\u00f3 para praticarem desporto como para sociabilizarem e fazerem amizades\u201d\u00a0<\/strong><\/span><\/p>\n<p><strong>Armando Martins<\/strong> \u00e9 um ex-aluno que participou em todos os escal\u00f5es do Gira Volei e Gira+: n\u00edveis 8-10 anos, 11-12 anos, 13-15 anos N1, 13-15 anos N2, 16-18 anos; 19-23 anos e mais de 23 anos:<br \/>\n\u201c<em>Participei pela primeira vez no Gira-Volei no escal\u00e3o 8-10 anos, h\u00e1 18 anos. A partir da\u00ed, segui sempre os escal\u00f5es desde os 11-12, 13-15 ao Gira + e at\u00e9\u2026 \u00e0 pandemia, que nos afastou a todos da pr\u00e1tica desportiva e de muitas outras coisas.<br \/>\n<\/em><em>Agora est\u00e1 tudo de regresso e eu, apesar de j\u00e1 n\u00e3o pertencer \u00e0 escola, gosto de rever professores e alunos, sobretudo aqueles que praticam a modalidade que abracei em crian\u00e7a, e de me reunir com antigos colegas no Gira+. <\/em><em>Noto que o Gira-Volei continua a ser bom para os jovens, n\u00e3o s\u00f3 para praticarem desporto como para sociabilizarem e fazerem amizades. Cada ano que passa, o Gira-Volei est\u00e1 mais bem organizado e v\u00eaem-se cada vez mais caras novas.<\/em><br \/>\n<em>O Gira + foi uma boa ideia da Federa\u00e7\u00e3o Portuguesa de Voleibol porque alguns colegas meus, depois do 9.\u00ba ano, desligaram-se um pouco do Voleibol e eu tive a oportunidade de continuar a praticar a modalidade. Depois foi criada uma equipa federada na Guarda, composta por cerca de 95 por cento de atletas oriundos da nossa escola e tinham participado tanto no Gira-Volei como no Gira +. Foi bom para o Voleibol e mesmo para a cidade.<\/em><br \/>\n<em>No Gira-Volei, quando t\u00ednhamos a oportunidade de disputar o Encontro Nacional era sempre uma festa. \u00cdamos descobrindo sempre coisas novas e, no meu caso pessoal, a primeira vez que vi o mar foi quando fui \u00e0 final que se disputou em Oeiras. J\u00e1 tinha ido a outras finais mas n\u00e3o tinha calhado ser no Litoral. Foi bom. E como eu, muitos outros outras t\u00eam hist\u00f3rias dessas para contar. Isto porque o Gira-Volei, para al\u00e9m de ser uma pr\u00e1tica que faz bem \u00e0 sa\u00fade, propicia a socializa\u00e7\u00e3o e cria\u00e7\u00e3o de novas amizades.<\/em><br \/>\n<em>Tenho uma filha e um filho e, pelo menos com ele, gostaria de mais tarde participar num torneio de Gira +\u2026 tenho \u00e9 de esperar que ele cres\u00e7a para chegar ao escal\u00e3o de + de 23 anos! [Risos]<\/em><br \/>\n<em>N\u00e3o sei se ele vir\u00e1 para esta escola e para o Voleibol, mas vou tentar sempre pux\u00e1-lo para isso, pois o Gira-Volei foi muito importante para mim.<\/em><br \/>\n<em>Basta mostrar-lhes isto, os mi\u00fados que nos intervalos querem jogar Voleibol, ver a anima\u00e7\u00e3o que aqui vai, a uni\u00e3o entre eles. Aqui n\u00e3o se v\u00ea ningu\u00e9m a discutir, v\u00ea-se toda a gente a divertir-se<\/em>.\u201d<\/p>\n<p>&nbsp;<\/p>\n<p style=\"text-align: center;\"><img loading=\"lazy\" decoding=\"async\" class=\"alignleft wp-image-10533\" src=\"https:\/\/fpvoleibol.pt\/fpv\/wp-content\/uploads\/2021\/10\/Carlos_Almeida-e1635513268224.jpg\" alt=\"\" width=\"400\" height=\"377\" srcset=\"https:\/\/fpvoleibol.pt\/fpv\/wp-content\/uploads\/2021\/10\/Carlos_Almeida-e1635513268224.jpg 403w, https:\/\/fpvoleibol.pt\/fpv\/wp-content\/uploads\/2021\/10\/Carlos_Almeida-e1635513268224-300x283.jpg 300w\" sizes=\"auto, (max-width: 400px) 100vw, 400px\" \/><\/p>\n<p style=\"text-align: center;\"><span style=\"background-color: #99ccff; font-size: 18pt;\"><strong>\u00a0Carlos Almeida: \u201cTudo o que envolve o Gira-Volei vai ser importante para a nossa vida no futuro. Nunca desistam de praticar Voleibol\u201d\u00a0<\/strong><\/span><\/p>\n<p><strong>Carlos Almeida<\/strong>, agora a exercer a profiss\u00e3o de Enfermeiro, \u00e9 um antigo aluno da Escola e praticante de Gira Volei enquanto esteve na Escola e de Gira+ desde que saiu, at\u00e9 aos dias de hoje:<br \/>\n\u201c<em>O que continua a atrair-me a esta escola \u00e9, sobretudo, a amizade que mantenho com o professor Nuno Lemos e as lembran\u00e7as daquilo que aqui vivi quando praticava Gira-Volei.<\/em><br \/>\n<em>Foi o Gira-Volei que me introduziu na pr\u00e1tica desportiva e ainda agora, quando posso, vou dando uns toques de Voleibol. Foi aqui que tudo come\u00e7ou e \u00e9 sempre bom reviver isso e voltar a ver as pessoas que conhe\u00e7o j\u00e1 desse tempo, bem como o entusiasmo destes mi\u00fados, que \u00e9ramos n\u00f3s h\u00e1 10, 15 anos.<\/em><br \/>\n<em>Vejo estes mi\u00fados e lembro-me de mim aqui e dos muitos amigos que fiz quando praticava Gira-Volei, nestes mesmos campos.<\/em><br \/>\n<em>A mim, e aos meus colegas, o Gira-Volei ajudou-nos a relacionar com muita gente, incutiu-nos o esp\u00edrito de entreajuda e de trabalhar em equipa, tudo o que o desporto deve tornar relevante e que o Gira-Volei desenvolve ainda mais, ao ser um jogo de duplas, jogado com algu\u00e9m de quem dependemos e que depende de n\u00f3s.<\/em><br \/>\n<em>O confinamento motivado pela pandemia prejudicou o desenvolvimento a n\u00edvel de tudo o que \u00e9 desporto escolar.<\/em><br \/>\n<em>A estes mi\u00fados, com 11, 12, 13 anos, que est\u00e3o a come\u00e7ar, o que lhe posso dizer \u00e9 que desfrutem de cada momento e que nunca desistam de fazer aquilo que gostam, neste caso jogar Gira-Volei, pois \u00e9 um mundo que lhes trar\u00e1 muitas amizades e lhes proporcionar\u00e1 muito bons momentos na inf\u00e2ncia e adolesc\u00eancia. Est\u00e3o aqui muito bem entregues, no Centro de Sequeira. Tamb\u00e9m tenho visto outros centros a n\u00edvel do Pa\u00eds com um trabalho de desenvolvimento excelente, mas para mim foi aqui que tudo come\u00e7ou.<\/em><br \/>\n<em>Eles v\u00e3o ver que tudo o que envolve o Gira-Volei vai ser importante para a sua vida no futuro. Nunca desistam de praticar.<\/em><br \/>\n<em>Tenho excelentes recorda\u00e7\u00f5es desses tempos\u2026 Da equipa que tivemos aqui na Guarda, formada quase toda por antigos alunos aqui da Sequeira e do Gira-Volei, que come\u00e7aram a jogar aos 10 anos e que deram por si aos vinte e tal anos a jogarem todos na mesma equipa, e com o professor Nuno Lemos, que foi quem nos iniciou na pr\u00e1tica da modalidade.<\/em><br \/>\n<em>Lembro-me tamb\u00e9m de ter jogado no Gira-Volei contra com o Alexandre Ferreira, que \u00e9 agora o capit\u00e3o da Selec\u00e7\u00e3o Nacional. Ele atingiu um n\u00edvel alt\u00edssimo para qualquer atleta desta ou de outras modalidades e passou a ser um jogador de refer\u00eancia.<\/em><br \/>\n<em>O Gira-Volei trouxe-nos experi\u00eancias que ningu\u00e9m mais esquece e ainda nos deu essa oportunidade de lidamos com pessoas que conseguiram singrar na modalidade, como o Alexandre e, recordo-me tamb\u00e9m, o Afonso Guerreiro, que depois jogou no Benfica e na Selec\u00e7\u00e3o Nacional, com quem at\u00e9 criei alguma amizade atrav\u00e9s do Gira-Volei<\/em>\u201d.<\/p>\n<p>&nbsp;<\/p>\n<p style=\"text-align: center;\"><span style=\"font-size: 18pt;\"><strong>T\u00eam a palavra os PAIS<\/strong><\/span><\/p>\n<p>&nbsp;<\/p>\n<p><img loading=\"lazy\" decoding=\"async\" class=\"alignleft wp-image-10535\" src=\"https:\/\/fpvoleibol.pt\/fpv\/wp-content\/uploads\/2021\/10\/Bruno_Coelho-e1635513810209.jpg\" alt=\"\" width=\"400\" height=\"376\" \/><\/p>\n<p><strong>Bruno Coelho<\/strong> \u00e9 o pai de Guilherme Coelho, actual campe\u00e3o nacional no escal\u00e3o de 8-10 anos, para al\u00e9m de campe\u00e3o escolar, regional e inter-regional no ano lectivo anterior:<br \/>\n\u201c<em>\u00c9 motivo de satisfa\u00e7\u00e3o para mim, enquanto pai, ver o Guilherme t\u00e3o empenhado no processo desportivo. Ele gosta muito de desporto, abra\u00e7ou no ano passado o projecto do Voleibol aqui na escola Carolina Beatriz \u00c2ngelo e tem tido bastante sucesso a n\u00edvel desportivo, que se complementa tamb\u00e9m com os estudos, que ele tem sido at\u00e9 ao momento um excelente aluno.<\/em><br \/>\n<em>Tenho a certeza de que ser um bom atleta pode contribuir para ser um aluno ainda melhor, porque eu enquanto jovem foi atleta federado, joguei Basquetebol, modalidade que o Guilherme tamb\u00e9m pratica, e sei perfeitamente que a pr\u00e1tica desportiva, ao contr\u00e1rio do que alguns pensam \u2013 que vem tirar tempo aos estudos \u2013, ajuda o aluno a capacitar-se mais para poder tirar boas notas porque no desporto e dentro da equipa tamb\u00e9m se adquirem regras e rotinas que s\u00e3o boas para o estudo.<\/em><br \/>\n<em>Se calhar, quando acompanho o Guilherme, tenho um bocadinho dessas duas facetas: um adepto que incentiva e um pai que d\u00e1 dicas de treinador\u2026<\/em><br \/>\n<em>Se bem que o Voleibol n\u00e3o \u00e9 tanto a minha praia, eu incentivo-o porque vejo nele um grande gosto pelo Voleibol.<\/em><br \/>\n<em>Agora, quando sobe ao p\u00f3dio, a medalha \u00e9 totalmente dele e do seu parceiro. Ser\u00e1 um bocadinho minha no sentido que eu lhe proporciono as condi\u00e7\u00f5es para ele poder praticar a modalidade, mas o m\u00e9rito \u00e9 todo dele.<\/em><br \/>\n<em>Se os mi\u00fados querem praticar desporto, e gostam de praticar desporto \u2013 porque se estiverem contrariados, tamb\u00e9m n\u00e3o vale a pena \u2013, acho que os pais devem acompanh\u00e1-los nesse processo. No ano passado, o Guilherme n\u00e3o sabia o que era o Voleibol, come\u00e7ou por participar e chegou a campe\u00e3o nacional de duplas no Gira-Volei. Ligou-me a chorar de alegria e a dizer o feito que tinha alcan\u00e7ado e isso \u00e9 um motivo de orgulho quer para a crian\u00e7a quer para os pais.<\/em><br \/>\n<em>O facto de ser jogado em dupla tamb\u00e9m \u00e9 importante para o seu crescimento, porque n\u00f3s em sociedade tamb\u00e9m n\u00e3o vivemos sozinhos, isolados. O Guilherme, ao ter ao seu lado um colega ou v\u00e1rios colegas, apercebe-se que o esp\u00edrito de equipa \u00e9 essencial e vai transport\u00e1-lo para todas as \u00e1reas da vida.<\/em>\u201d<\/p>\n<p><img loading=\"lazy\" decoding=\"async\" class=\"alignright wp-image-10540\" src=\"https:\/\/fpvoleibol.pt\/fpv\/wp-content\/uploads\/2021\/10\/Paula_Pissarra-e1635513827228.jpg\" alt=\"\" width=\"400\" height=\"367\" \/><\/p>\n<p><strong>Paula Pissarra<\/strong> \u00e9 m\u00e3e Jo\u00e3o Dinis Reis (aluno)\u00a0e de Afonso Reis\u00a0(um ex-aluno), atletas de Gira-Volei:<br \/>\n\u201c<em>O meu filho mais velho, quando veio praticar Gira-Volei foi um bocadinho influenciado pelo pai, que tinha sido professor de educa\u00e7\u00e3o f\u00edsica aqui e que gostou muito do ambiente que se vivia aqui com os professores de educa\u00e7\u00e3o f\u00edsica e com o desporto escolar, nomeadamente com o Gira-Volei.<\/em><br \/>\n<em>O Afonso quando veio para a escola inscreveu-se logo no Gira-Volei e durante todo o percurso de escola, os cinco anos que esteve aqui, sempre frequentou os treinos e foi incutindo sempre no irm\u00e3o mais novo o gosto pelo Voleibol.<\/em><br \/>\n<em>Ele estava no 9.\u00ba ano quando a escola confinou durante a pandemia<span style=\"color: #000000;\"> e<\/span>\u00a0uma das coisas que mais lhe custou foi n\u00e3o ter participado no Gira-Volei no \u00faltimo ano em que aqui estava.<\/em><br \/>\n<em>Assim, quando o mais novo veio para esta escola, vinha j\u00e1 cheio de expectativas sobre o Gira-Volei e agora simplesmente adora!<\/em><br \/>\n<em>No ano passado, o Jo\u00e3o Dinis foi aos nacionais, e este ano, logo no primeiro dia de aulas, que calhou a uma sexta-feira, a primeira coisa que se lembrou foi: se \u00e9 sexta-feira vou ter a tarde livre e jogar Voleibol e ficou logo todo entusiasmado com isso.<\/em><br \/>\n<em>Tenho mais uma filha\u00a0aqui na escola, que n\u00e3o est\u00e1 no Gira-Volei, porque n\u00e3o \u00e9 uma pr\u00e1tica do desporto escolar feminino. Anda no Futsal, mas pratica Voleibol em casa com os irm\u00e3os, pois como n\u00f3s temos em casa uma rede de Voleibol, eles praticam os quatro\u2026 O pai e os tr\u00eas filhos, n\u00e3o tanto a m\u00e3e<\/em> [Risos]\u201d.<\/p>\n<p><img loading=\"lazy\" decoding=\"async\" class=\"alignleft wp-image-10536\" src=\"https:\/\/fpvoleibol.pt\/fpv\/wp-content\/uploads\/2021\/10\/Duarte_Lourenco-e1635513869474.jpg\" alt=\"\" width=\"400\" height=\"381\" srcset=\"https:\/\/fpvoleibol.pt\/fpv\/wp-content\/uploads\/2021\/10\/Duarte_Lourenco-e1635513869474.jpg 314w, https:\/\/fpvoleibol.pt\/fpv\/wp-content\/uploads\/2021\/10\/Duarte_Lourenco-e1635513869474-300x286.jpg 300w\" sizes=\"auto, (max-width: 400px) 100vw, 400px\" \/><\/p>\n<p><strong>Duarte Louren\u00e7o<\/strong> forma dupla com Guilherme Coelho, sendo campe\u00e3o nacional no escal\u00e3o de 8-10 anos em t\u00edtulo:<br \/>\n\u201c<em>Comecei a jogar Gira-Volei quando vim para esta escola, a CBA. Vimos os outros a jogar, decidimos experimentar e gost\u00e1mos!<\/em><br \/>\n<em>Quando comecei, n\u00e3o sabia jogar, mas comecei a treinar mais e acab\u00e1mos por conseguir participar na fase final e ganhar.<\/em><br \/>\n<em>Tenho um bom parceiro, o Guilherme [Coelho] e um bom professor [Nuno Lemos], que ensina muito bem a praticar este desporto.<\/em><br \/>\n<em>Acho o Gira-Volei incr\u00edvel e toda a gente deveria experimentar, pois mesmo que inicialmente n\u00e3o soubessem jogar, o professor \u00e9 \u00f3ptimo a ensinar e acabaria por ser muito divertido jogarmos todos juntos.<\/em><br \/>\n<em>Jogar n\u00e3o afecta os meus estudos, antes pelo contr\u00e1rio, pois tenho tido boas notas e fui ao Quadro de M\u00e9rito<\/em>\u201d.<\/p>\n<p><img loading=\"lazy\" decoding=\"async\" class=\"alignright wp-image-10537\" src=\"https:\/\/fpvoleibol.pt\/fpv\/wp-content\/uploads\/2021\/10\/Leonor_Cairrao-e1635513915354.jpg\" alt=\"\" width=\"400\" height=\"395\" srcset=\"https:\/\/fpvoleibol.pt\/fpv\/wp-content\/uploads\/2021\/10\/Leonor_Cairrao-e1635513915354.jpg 304w, https:\/\/fpvoleibol.pt\/fpv\/wp-content\/uploads\/2021\/10\/Leonor_Cairrao-e1635513915354-300x296.jpg 300w\" sizes=\"auto, (max-width: 400px) 100vw, 400px\" \/><\/p>\n<p><strong>Leonor Cairr\u00e3o<\/strong> \u00e9 uma aluna e atleta ecl\u00e9ctica, praticante de Gira-Volei e de Futsal:<br \/>\n\u201c<em>Tenho 13 anos e comecei a jogar Gira-Volei quando vim para o 5.\u00ba ano. Aqui na nossa escola n\u00e3o temos Gira-Volei para as meninas, s\u00f3 para os meninos, mas eu e a minha colega Ana Catarina, quando podemos, participamos nos jogos disputados na escola e gostamos muito porque \u00e9 um desporto que nos diverte e que gostamos de jogar.<\/em><br \/>\n<em>J\u00e1 temos mais colegas de turma que tamb\u00e9m gostam de participar quando s\u00e3o realizados torneios.<\/em><br \/>\n<em>O meu pai \u00e9 professor de educa\u00e7\u00e3o f\u00edsica e tamb\u00e9m gosta muito do Gira-Volei. Foi ele que me ensinou a jogar, gostei de praticar e agora sempre que posso quero participar nas actividades.<\/em><br \/>\n<em>Tamb\u00e9m pratico Futsal e outros desportos, mas gostaria de continuar a jogar nas competi\u00e7\u00f5es distritais e nos torneios inter-escolas de Gira-Volei.<\/em><br \/>\n<em>Em termos de resultados desportivos, eu e a Ana Catarina, no \u00faltimo ano lectivo come\u00e7\u00e1mos por jogar entre n\u00f3s, entre as colegas da minha turma, depois particip\u00e1mos na fase de escolas. N\u00e3o conseguimos passar \u00e0 fase seguinte, mas acabou por ser muito divertido e fiz novas amigas.<\/em><br \/>\n<em>Durante o confinamento, eu e a minha colega par\u00e1mos de jogar um bocadinho, mas eu e o meu pai continu\u00e1mos a treinar. \u00cdamos algumas vezes ao Polis e, como tal, isso n\u00e3o me impediu de treinar, mas em rela\u00e7\u00e3o a jogar s\u00f3 o pudemos fazer quando regress\u00e1mos \u00e0s aulas.<\/em><br \/>\n<em>Continuei a fazer desporto mesmo durante o confinamento pois o exerc\u00edcio f\u00edsico \u00e9 uma coisa importante na nossa vida.<\/em><br \/>\n<em>O professor Nuno Lemos \u00e9 um \u00f3ptimo professor, na minha opini\u00e3o. Ele nunca foi meu professor, mas eu j\u00e1 o vi a ensinar. Tamb\u00e9m \u00e9 muito simp\u00e1tico, pois os meus pais conhecem-no e j\u00e1 nos encontr\u00e1mos algumas vezes com ele\u201d<\/em>.<\/p>\n<p style=\"text-align: center;\"><strong>Ver V\u00cdDEO da reportagem <span style=\"color: #3366ff;\">AQUI \u25ba<\/span><\/strong><\/p>\n<p style=\"text-align: center;\"><iframe loading=\"lazy\" src=\"\/\/www.youtube.com\/embed\/8JhJ73F3HFQ\" width=\"640\" height=\"359\" allowfullscreen=\"allowfullscreen\"><\/iframe><br \/>\n<img loading=\"lazy\" decoding=\"async\" class=\"alignnone wp-image-10549 size-full\" src=\"https:\/\/fpvoleibol.pt\/fpv\/wp-content\/uploads\/2021\/10\/CBA_reportagem-e1635525952962.jpg\" alt=\"\" width=\"640\" height=\"380\" \/><\/p>\n<table class=\"aligncenter\" style=\"width: 100%; border-collapse: collapse; border-color: #003e6b; border-style: dashed;\" border=\"1\">\n<tbody>\n<tr>\n<td style=\"width: 100%;\">\n<p style=\"text-align: center;\"><span style=\"font-size: 14pt; color: #003e6b;\"><strong>VITRINA DE T\u00cdTULOS<\/strong><\/span><\/p>\n<p style=\"text-align: center;\"><span style=\"color: #003e6b;\">66 T\u00edtulos regionais Gira-Volei<\/span><br \/>\n<span style=\"color: #003e6b;\">3 T\u00edtulos inter-regionais Gira-Volei (AV Guarda-AV Viseu)<\/span><br \/>\n<span style=\"color: #003e6b;\">21 T\u00edtulos nacionais Gira-Volei<\/span><br \/>\n<span style=\"color: #003e6b;\">15 Medalhas de prata: vice-campe\u00f5es nacionais<\/span><br \/>\n<span style=\"color: #003e6b;\">\u00a0. . .<\/span><\/p>\n<ul>\n<li><span style=\"color: #003e6b;\">Aderiu ao Gira-Volei no dia 22 Janeiro de 2001, com 56 atletas inscritos.<\/span><\/li>\n<li><span style=\"color: #003e6b;\">Aumento progressivo de atletas ao longo dos anos, mantendo-se h\u00e1 v\u00e1rios anos sempre a rondar os 100 atletas.<\/span><\/li>\n<li><span style=\"color: #003e6b;\">Participa\u00e7\u00e3o no primeiro Encontro Nacional em Junho de 2003 (Oeiras).<\/span><\/li>\n<li><span style=\"color: #003e6b;\">Primeiros t\u00edtulos nacionais em Junho de 2004 \u2013 3 duplas campe\u00e3s.<\/span><\/li>\n<li><span style=\"color: #003e6b;\">Pr\u00e9mio M\u00e9rito Gira na 10.\u00aa Gala Anual do Voleibol, em Dezembro de 2006, o primeiro pr\u00e9mio do g\u00e9nero atribu\u00eddo pela FPV a Nuno Lemos.<\/span><\/li>\n<li><span style=\"color: #003e6b;\">Participa\u00e7\u00e3o no I Encontro de Monitores Gira-Volei, em 3 Novembro de 2007, com atletas do n\u00facleo e com Nuno Lemos como prelector.<\/span><\/li>\n<li><span style=\"color: #003e6b;\">Participa\u00e7\u00e3o activa na Caderneta dos Cromos Gira-Volei, em Janeiro 2009.<\/span><\/li>\n<li><span style=\"color: #003e6b;\">Elabora\u00e7\u00e3o e divulga\u00e7\u00e3o do projecto nos calend\u00e1rios de bolso e de mesa.<\/span><\/li>\n<li><span style=\"color: #003e6b;\">Cria\u00e7\u00e3o e divulga\u00e7\u00e3o do <strong>Boletim Informativo Sequeira Voleibol<\/strong>, que vai na sua edi\u00e7\u00e3o n.\u00ba 166 e no seu 12.\u00ba ano lectivo de publica\u00e7\u00f5es.<\/span><\/li>\n<\/ul>\n<\/td>\n<\/tr>\n<\/tbody>\n<\/table>\n<p>&nbsp;<\/p>\n<p align=\"center\"><span style=\"font-family: Verdana; font-size: small;\">\u00a0<img decoding=\"async\" src=\"https:\/\/www.fpvoleibol.pt\/imagens\/icon_facebook.png\" alt=\"\" \/> <a href=\"https:\/\/pt-pt.facebook.com\/aeseguarda\/\" target=\"_blank\" rel=\"noopener\">Agrupamento Escolas da S\u00e9<\/a> | <a href=\"https:\/\/www.facebook.com\/groups\/171420312874018\/\" target=\"_blank\" rel=\"noopener\">Amigos da Sequeira<\/a> | <a href=\"https:\/\/www.facebook.com\/nuno.lemos.94?fref=ts\" target=\"_blank\" rel=\"noopener\">Prof. Nuno Lemos<\/a><\/span><\/p>\n<p align=\"center\"><a href=\"https:\/\/www.fpvoleibol.pt\/reportagem\/academia_jose_moreira_2019\/manchete_academia_jose_moreira.html?_ga=2.3996726.767543737.1635498190-192920047.1627547191\" target=\"_blank\" rel=\"noopener\"><img loading=\"lazy\" decoding=\"async\" class=\"aligncenter size-full wp-image-10678\" src=\"https:\/\/fpvoleibol.pt\/fpv\/wp-content\/uploads\/2021\/10\/manchete_anterior_ajosemoreira.png\" alt=\"\" width=\"1024\" height=\"46\" srcset=\"https:\/\/fpvoleibol.pt\/fpv\/wp-content\/uploads\/2021\/10\/manchete_anterior_ajosemoreira.png 1024w, https:\/\/fpvoleibol.pt\/fpv\/wp-content\/uploads\/2021\/10\/manchete_anterior_ajosemoreira-300x13.png 300w, https:\/\/fpvoleibol.pt\/fpv\/wp-content\/uploads\/2021\/10\/manchete_anterior_ajosemoreira-768x35.png 768w\" sizes=\"auto, (max-width: 1024px) 100vw, 1024px\" \/><\/a><\/p>\n","protected":false},"excerpt":{"rendered":"<p>\u00a0A actividade do N\u00facleo de Gira-Volei da Escola Carolina Beatriz \u00c2ngelo (CBA), pertencente ao Agrupamento de Escolas da S\u00e9, \u00e9 o melhor exemplo de como uma jun\u00e7\u00e3o de esfor\u00e7os e [&hellip;]<\/p>\n","protected":false},"author":1,"featured_media":10655,"parent":189,"menu_order":0,"comment_status":"closed","ping_status":"closed","template":"","meta":{"_monsterinsights_skip_tracking":false,"_monsterinsights_sitenote_active":false,"_monsterinsights_sitenote_note":"","_monsterinsights_sitenote_category":0,"footnotes":""},"class_list":["post-10661","page","type-page","status-publish","has-post-thumbnail","czr-hentry"],"aioseo_notices":[],"_links":{"self":[{"href":"https:\/\/fpvoleibol.pt\/fpv\/wp-json\/wp\/v2\/pages\/10661","targetHints":{"allow":["GET"]}}],"collection":[{"href":"https:\/\/fpvoleibol.pt\/fpv\/wp-json\/wp\/v2\/pages"}],"about":[{"href":"https:\/\/fpvoleibol.pt\/fpv\/wp-json\/wp\/v2\/types\/page"}],"author":[{"embeddable":true,"href":"https:\/\/fpvoleibol.pt\/fpv\/wp-json\/wp\/v2\/users\/1"}],"replies":[{"embeddable":true,"href":"https:\/\/fpvoleibol.pt\/fpv\/wp-json\/wp\/v2\/comments?post=10661"}],"version-history":[{"count":23,"href":"https:\/\/fpvoleibol.pt\/fpv\/wp-json\/wp\/v2\/pages\/10661\/revisions"}],"predecessor-version":[{"id":10709,"href":"https:\/\/fpvoleibol.pt\/fpv\/wp-json\/wp\/v2\/pages\/10661\/revisions\/10709"}],"up":[{"embeddable":true,"href":"https:\/\/fpvoleibol.pt\/fpv\/wp-json\/wp\/v2\/pages\/189"}],"wp:featuredmedia":[{"embeddable":true,"href":"https:\/\/fpvoleibol.pt\/fpv\/wp-json\/wp\/v2\/media\/10655"}],"wp:attachment":[{"href":"https:\/\/fpvoleibol.pt\/fpv\/wp-json\/wp\/v2\/media?parent=10661"}],"curies":[{"name":"wp","href":"https:\/\/api.w.org\/{rel}","templated":true}]}}