{"id":1026,"date":"2021-09-15T15:04:06","date_gmt":"2021-09-15T14:04:06","guid":{"rendered":"https:\/\/fpvoleibol.pt\/fpv\/?page_id=1026"},"modified":"2023-10-05T23:15:11","modified_gmt":"2023-10-05T23:15:11","slug":"supertaca-2023","status":"publish","type":"page","link":"https:\/\/fpvoleibol.pt\/fpv\/competicoes\/supertaca-2023\/","title":{"rendered":"SUPERTA\u00c7A 2023"},"content":{"rendered":"<p style=\"text-align: center;\"><a href=\"https:\/\/fpvoleibol.pt\/fpv\/wp-content\/uploads\/2023\/09\/Competition_Title_300x100_web.jpg\"><img loading=\"lazy\" decoding=\"async\" class=\"aligncenter wp-image-27945 size-full\" src=\"https:\/\/fpvoleibol.pt\/fpv\/wp-content\/uploads\/2023\/09\/Competition_Title_300x100_web.jpg\" alt=\"\" width=\"1024\" height=\"341\" srcset=\"https:\/\/fpvoleibol.pt\/fpv\/wp-content\/uploads\/2023\/09\/Competition_Title_300x100_web.jpg 1024w, https:\/\/fpvoleibol.pt\/fpv\/wp-content\/uploads\/2023\/09\/Competition_Title_300x100_web-300x100.jpg 300w, https:\/\/fpvoleibol.pt\/fpv\/wp-content\/uploads\/2023\/09\/Competition_Title_300x100_web-768x256.jpg 768w\" sizes=\"auto, (max-width: 1024px) 100vw, 1024px\" \/><\/a><\/p>\n<table style=\"width: 100%; border-collapse: collapse; border-style: none; border-color: #ffffff; height: 454px;\">\n<tbody>\n<tr style=\"height: 23px;\">\n<td style=\"width: 50%; background-color: #265bab; height: 23px; border-style: solid; border-color: #ffffff; text-align: center;\"><span style=\"color: #ffffff;\"><strong>SUPERTA\u00c7A &#8211; MASCULINOS<\/strong><\/span><\/td>\n<td style=\"width: 50%; background-color: #801e94; height: 23px; border-style: solid; border-color: #ffffff; text-align: center;\"><span style=\"color: #ffffff;\"><strong>SUPERTA\u00c7A &#8211; FEMININOS<\/strong><\/span><\/td>\n<\/tr>\n<tr style=\"height: 71px;\">\n<td style=\"width: 50%; height: 71px; border-style: solid; border-color: #ffffff; text-align: center;\">5 Outubro 2023 | 17:30<br \/>\nPavilh\u00e3o Municipal de Santo Tirso<\/p>\n<p><strong style=\"font-family: inherit; font-size: inherit;\">SL BENFICA\u00a0 <\/strong><span style=\"font-family: inherit; font-size: inherit;\">X<\/span><strong style=\"font-family: inherit; font-size: inherit;\">\u00a0 AJ FONTE DO BASTARDO<\/strong><\/p>\n<p><span style=\"font-family: inherit; font-size: inherit;\">(<strong>3:0<\/strong> | 25\/17, 25\/21, 25\/14)<\/span><\/td>\n<td style=\"width: 50%; height: 71px; border-style: solid; border-color: #ffffff; text-align: center; vertical-align: top;\">5 Outubro 2023 | 14:30<br \/>\nPavilh\u00e3o Municipal de Santo Tirso<\/p>\n<p><strong style=\"font-family: inherit; font-size: inherit;\">SPORTING CP\u00a0 <\/strong><span style=\"font-family: inherit; font-size: inherit;\">X<\/span><strong style=\"font-family: inherit; font-size: inherit;\">\u00a0 LEIX\u00d5ES SC<\/strong><\/p>\n<p><span style=\"font-family: inherit; font-size: inherit;\">(<strong>0:3<\/strong> | 17\/25, 21\/25, 24\/26)<\/span><\/td>\n<\/tr>\n<tr style=\"height: 119px;\">\n<td style=\"border-style: solid; border-color: #ffffff; text-align: center; width: 100%; height: 119px;\" colspan=\"2\"><span style=\"background-color: #9c0000;\"><a href=\"https:\/\/fpv-web.dataproject.com\/MainHome.aspx\"><img loading=\"lazy\" decoding=\"async\" class=\"aligncenter size-full wp-image-3585\" src=\"https:\/\/fpvoleibol.pt\/fpv\/wp-content\/uploads\/2021\/02\/livestream_livescores.png\" alt=\"\" width=\"400\" height=\"95\" srcset=\"https:\/\/fpvoleibol.pt\/fpv\/wp-content\/uploads\/2021\/02\/livestream_livescores.png 400w, https:\/\/fpvoleibol.pt\/fpv\/wp-content\/uploads\/2021\/02\/livestream_livescores-300x71.png 300w\" sizes=\"auto, (max-width: 400px) 100vw, 400px\" \/><\/a><\/span><strong>SUPERTA\u00c7A MASCULINA <a href=\"https:\/\/fpv-web.dataproject.com\/MatchStatistics.aspx?mID=8098&amp;ID=88&amp;CID=289&amp;PID=128&amp;type=LegList\" target=\"_blank\" rel=\"noopener\">\u25ba<\/a>\u00a0 \u00a0|\u00a0 \u00a0SUPERTA\u00c7A FEMININA <a href=\"https:\/\/fpv-web.dataproject.com\/MatchStatistics.aspx?mID=8099&amp;ID=87&amp;CID=288&amp;PID=127&amp;type=LegList\" target=\"_blank\" rel=\"noopener\">\u25ba<\/a><\/strong><\/p>\n<p><span style=\"background-color: #bd0000; color: #ffffff;\"><strong><span style=\"color: #000000;\">\u00a0 <span style=\"color: #ffffff;\">BILHETEIRA: 5\u20ac\/JOGO<\/span>\u00a0\u00a0<\/span><\/strong><\/span><\/p>\n<p>SEGUE A 1\u00aa PROVA NACIONAL DO ANO NAS REDES SOCIAIS DESTA FEDERA\u00c7\u00c3O:<br \/>\n<a href=\"https:\/\/www.facebook.com\/fpvoleibol\" target=\"_blank\" rel=\"noopener noreferrer\">FACEBOOK \u25ba<\/a> E <a href=\"https:\/\/www.instagram.com\/portugalvoleibol\/\" target=\"_blank\" rel=\"noopener noreferrer\">INSTAGRAM \u25ba<\/a><br \/>\n<strong>TRANSMISS\u00c3O TELEVISIVA:<\/strong> MASCULINOS E FEMININOS (SPORTTV) <a href=\"https:\/\/www.sporttv.pt\/pesquisa\/voleibol\/\" target=\"_blank\" rel=\"noopener\">\u25ba<\/a><\/td>\n<\/tr>\n<tr style=\"height: 218px;\">\n<td style=\"width: 100%; border-style: solid; border-color: #ffffff; text-align: center; height: 218px;\" colspan=\"2\"><span style=\"background-color: #9c0000;\"><a href=\"https:\/\/fpvoleibol.pt\/fpv\/wp-content\/uploads\/2023\/09\/supertaca_estrelas.png\"><img loading=\"lazy\" decoding=\"async\" class=\"aligncenter wp-image-27940 size-full\" src=\"https:\/\/fpvoleibol.pt\/fpv\/wp-content\/uploads\/2023\/09\/supertaca_estrelas.png\" alt=\"\" width=\"300\" height=\"214\" \/><\/a><\/span><\/p>\n<p><strong><iframe loading=\"lazy\" src=\"\/\/www.youtube.com\/embed\/v8bUDNxhlWc?ab_channel=VoleiTV\" width=\"720\" height=\"404\" allowfullscreen=\"allowfullscreen\"><\/iframe><\/strong><\/td>\n<\/tr>\n<tr style=\"height: 23px;\">\n<td style=\"width: 50%; height: 23px; border-style: solid; border-color: #ffffff; text-align: center;\"><a href=\"http:\/\/www.portugalvoleibol.com\/classificacao\/stmasc.php\" target=\"_blank\" rel=\"noopener noreferrer\"><strong>RESULTADO E CLASSIFICA\u00c7\u00c3O OFICIAL<\/strong><\/a><\/p>\n<p><a href=\"https:\/\/fpvoleibol.pt\/fpv\/wp-content\/uploads\/2023\/09\/Supertaca2023_masc_web.jpg\"><img loading=\"lazy\" decoding=\"async\" class=\"aligncenter wp-image-27941 size-large\" src=\"https:\/\/fpvoleibol.pt\/fpv\/wp-content\/uploads\/2023\/09\/Supertaca2023_masc_web-731x1024.jpg\" alt=\"\" width=\"731\" height=\"1024\" srcset=\"https:\/\/fpvoleibol.pt\/fpv\/wp-content\/uploads\/2023\/09\/Supertaca2023_masc_web-731x1024.jpg 731w, https:\/\/fpvoleibol.pt\/fpv\/wp-content\/uploads\/2023\/09\/Supertaca2023_masc_web-214x300.jpg 214w, https:\/\/fpvoleibol.pt\/fpv\/wp-content\/uploads\/2023\/09\/Supertaca2023_masc_web-768x1076.jpg 768w, https:\/\/fpvoleibol.pt\/fpv\/wp-content\/uploads\/2023\/09\/Supertaca2023_masc_web.jpg 914w\" sizes=\"auto, (max-width: 731px) 100vw, 731px\" \/><\/a><\/td>\n<td style=\"width: 50%; height: 23px; border-style: solid; border-color: #ffffff; text-align: center;\"><a href=\"http:\/\/www.portugalvoleibol.com\/classificacao\/stfem.php\" target=\"_blank\" rel=\"noopener noreferrer\"><strong>RESULTADO E CLASSIFICA\u00c7\u00c3O OFICIAL<\/strong><\/a><\/p>\n<p><a href=\"https:\/\/fpvoleibol.pt\/fpv\/wp-content\/uploads\/2023\/09\/Supertaca2023_fem_web.jpg\"><img loading=\"lazy\" decoding=\"async\" class=\"aligncenter wp-image-27942 size-large\" src=\"https:\/\/fpvoleibol.pt\/fpv\/wp-content\/uploads\/2023\/09\/Supertaca2023_fem_web-731x1024.jpg\" alt=\"\" width=\"731\" height=\"1024\" srcset=\"https:\/\/fpvoleibol.pt\/fpv\/wp-content\/uploads\/2023\/09\/Supertaca2023_fem_web-731x1024.jpg 731w, https:\/\/fpvoleibol.pt\/fpv\/wp-content\/uploads\/2023\/09\/Supertaca2023_fem_web-214x300.jpg 214w, https:\/\/fpvoleibol.pt\/fpv\/wp-content\/uploads\/2023\/09\/Supertaca2023_fem_web-768x1076.jpg 768w, https:\/\/fpvoleibol.pt\/fpv\/wp-content\/uploads\/2023\/09\/Supertaca2023_fem_web.jpg 914w\" sizes=\"auto, (max-width: 731px) 100vw, 731px\" \/><\/a><\/td>\n<\/tr>\n<\/tbody>\n<\/table>\n","protected":false},"excerpt":{"rendered":"<p>SUPERTA\u00c7A &#8211; MASCULINOS SUPERTA\u00c7A &#8211; FEMININOS 5 Outubro 2023 | 17:30 Pavilh\u00e3o Municipal de Santo Tirso SL BENFICA\u00a0 X\u00a0 AJ FONTE DO BASTARDO (3:0 | 25\/17, 25\/21, 25\/14) 5 Outubro [&hellip;]<\/p>\n","protected":false},"author":1,"featured_media":27947,"parent":1032,"menu_order":0,"comment_status":"closed","ping_status":"closed","template":"","meta":{"_monsterinsights_skip_tracking":false,"_monsterinsights_sitenote_active":false,"_monsterinsights_sitenote_note":"","_monsterinsights_sitenote_category":0,"footnotes":""},"class_list":["post-1026","page","type-page","status-publish","has-post-thumbnail","czr-hentry"],"aioseo_notices":[],"_links":{"self":[{"href":"https:\/\/fpvoleibol.pt\/fpv\/wp-json\/wp\/v2\/pages\/1026","targetHints":{"allow":["GET"]}}],"collection":[{"href":"https:\/\/fpvoleibol.pt\/fpv\/wp-json\/wp\/v2\/pages"}],"about":[{"href":"https:\/\/fpvoleibol.pt\/fpv\/wp-json\/wp\/v2\/types\/page"}],"author":[{"embeddable":true,"href":"https:\/\/fpvoleibol.pt\/fpv\/wp-json\/wp\/v2\/users\/1"}],"replies":[{"embeddable":true,"href":"https:\/\/fpvoleibol.pt\/fpv\/wp-json\/wp\/v2\/comments?post=1026"}],"version-history":[{"count":74,"href":"https:\/\/fpvoleibol.pt\/fpv\/wp-json\/wp\/v2\/pages\/1026\/revisions"}],"predecessor-version":[{"id":1929,"href":"https:\/\/fpvoleibol.pt\/fpv\/wp-json\/wp\/v2\/pages\/1026\/revisions\/1929"}],"up":[{"embeddable":true,"href":"https:\/\/fpvoleibol.pt\/fpv\/wp-json\/wp\/v2\/pages\/1032"}],"wp:featuredmedia":[{"embeddable":true,"href":"https:\/\/fpvoleibol.pt\/fpv\/wp-json\/wp\/v2\/media\/27947"}],"wp:attachment":[{"href":"https:\/\/fpvoleibol.pt\/fpv\/wp-json\/wp\/v2\/media?parent=1026"}],"curies":[{"name":"wp","href":"https:\/\/api.w.org\/{rel}","templated":true}]}}